{"id":213385,"date":"2022-09-13T15:45:23","date_gmt":"2022-09-13T13:45:23","guid":{"rendered":"https:\/\/poble-espanyol.com\/?post_type=activitat&#038;p=213385"},"modified":"2022-09-14T09:34:57","modified_gmt":"2022-09-14T07:34:57","slug":"pays-de-lanneau","status":"publish","type":"activitat","link":"https:\/\/poble-espanyol.com\/fr\/activite\/pays-de-lanneau\/","title":{"rendered":"Pays de l&rsquo;Anneau"},"content":{"rendered":"","protected":false},"excerpt":{"rendered":"","protected":false},"author":4,"featured_media":209768,"comment_status":"open","ping_status":"closed","template":"","meta":{"_acf_changed":false,"footnotes":""},"class_list":["post-213385","activitat","type-activitat","status-publish","has-post-thumbnail","hentry"],"acf":{"activitat_destacada":false,"activitats_destacades":false,"activitats_destacades_agenda":false,"activitats_destacades_activitats_familiars":false,"activitats_destacades_activitats_concerts":false,"url_comprar_entrades":"https:\/\/tickets.poble-espanyol.com\/fr\/109-web-individual\/5366-poble-espanyol-la-terre-de-lanneau","nom_activitat":"Exposition FAN non li\u00e9e au Embracer Group","titol_previ_al_nom":"Cet automne, ne manquez pas l'exposition de l'univers de romans et de films le plus c\u00e9l\u00e8bre de tous les temps","text_introductori":"Cet automne, au Poble Espanyol, vous vivrez une exp\u00e9rience inoubliable pour les fans et les collectionneurs de la trilogie devenue un classique du genre fantastique.\r\n\r\nPoble Espanyol abrite une collection priv\u00e9e de mat\u00e9riel exclusif sur des personnages et des moments embl\u00e9matiques de l'univers des romans qui ont s\u00e9duit des g\u00e9n\u00e9rations enti\u00e8res depuis plus de 50 ans. C'est l'une des plus grandes collections th\u00e9matiques au monde.","dates_activitat":[{"dia":"20220924","hora_inici":"11:00:00","hora_final":"16:30:00"},{"dia":"20220925","hora_inici":"10:00:00","hora_final":"20:00:00"},{"dia":"20220926","hora_inici":"10:00:00","hora_final":"20:00:00"},{"dia":"20220927","hora_inici":"11:00:00","hora_final":"19:30:00"},{"dia":"20220928","hora_inici":"11:00:00","hora_final":"19:30:00"},{"dia":"20220929","hora_inici":"11:00:00","hora_final":"19:30:00"},{"dia":"20220930","hora_inici":"11:00:00","hora_final":"19:30:00"},{"dia":"20221001","hora_inici":"10:00:00","hora_final":"20:00:00"},{"dia":"20221002","hora_inici":"10:00:00","hora_final":"20:00:00"},{"dia":"20221003","hora_inici":"11:00:00","hora_final":"19:30:00"},{"dia":"20221004","hora_inici":"11:00:00","hora_final":"19:30:00"},{"dia":"20221005","hora_inici":"11:00:00","hora_final":"19:30:00"},{"dia":"20221006","hora_inici":"11:00:00","hora_final":"19:30:00"},{"dia":"20221007","hora_inici":"11:00:00","hora_final":"19:30:00"},{"dia":"20221008","hora_inici":"10:00:00","hora_final":"20:00:00"},{"dia":"20221009","hora_inici":"10:00:00","hora_final":"20:00:00"},{"dia":"20221010","hora_inici":"11:00:00","hora_final":"19:30:00"},{"dia":"20221011","hora_inici":"11:00:00","hora_final":"19:30:00"},{"dia":"20221012","hora_inici":"10:00:00","hora_final":"20:00:00"},{"dia":"20221013","hora_inici":"11:00:00","hora_final":"19:30:00"},{"dia":"20221014","hora_inici":"11:00:00","hora_final":"19:30:00"},{"dia":"20221015","hora_inici":"10:00:00","hora_final":"20:00:00"},{"dia":"20221016","hora_inici":"10:00:00","hora_final":"20:00:00"},{"dia":"20221017","hora_inici":"11:00:00","hora_final":"19:30:00"},{"dia":"20221018","hora_inici":"11:00:00","hora_final":"19:30:00"},{"dia":"20221019","hora_inici":"11:00:00","hora_final":"19:30:00"},{"dia":"20221020","hora_inici":"11:00:00","hora_final":"19:30:00"},{"dia":"20221021","hora_inici":"11:00:00","hora_final":"19:30:00"},{"dia":"20221022","hora_inici":"10:00:00","hora_final":"20:00:00"},{"dia":"20221023","hora_inici":"10:00:00","hora_final":"20:00:00"},{"dia":"20221024","hora_inici":"11:00:00","hora_final":"19:30:00"},{"dia":"20221025","hora_inici":"11:00:00","hora_final":"19:30:00"},{"dia":"20221026","hora_inici":"11:00:00","hora_final":"19:30:00"},{"dia":"20221027","hora_inici":"11:00:00","hora_final":"19:30:00"},{"dia":"20221028","hora_inici":"11:00:00","hora_final":"19:30:00"},{"dia":"20221029","hora_inici":"10:00:00","hora_final":"20:00:00"},{"dia":"20221030","hora_inici":"10:00:00","hora_final":"20:00:00"},{"dia":"20221031","hora_inici":"11:00:00","hora_final":"19:30:00"},{"dia":"20221101","hora_inici":"10:00:00","hora_final":"20:00:00"},{"dia":"20221102","hora_inici":"11:00:00","hora_final":"19:30:00"},{"dia":"20221103","hora_inici":"11:00:00","hora_final":"19:30:00"},{"dia":"20221104","hora_inici":"11:00:00","hora_final":"19:30:00"},{"dia":"20221105","hora_inici":"10:00:00","hora_final":"20:00:00"},{"dia":"20221106","hora_inici":"10:00:00","hora_final":"20:00:00"},{"dia":"20221107","hora_inici":"11:00:00","hora_final":"19:30:00"},{"dia":"20221108","hora_inici":"11:00:00","hora_final":"19:30:00"},{"dia":"20221109","hora_inici":"11:00:00","hora_final":"19:30:00"},{"dia":"20221110","hora_inici":"11:00:00","hora_final":"19:30:00"},{"dia":"20221111","hora_inici":"11:00:00","hora_final":"19:30:00"},{"dia":"20221112","hora_inici":"10:00:00","hora_final":"20:00:00"},{"dia":"20221113","hora_inici":"10:00:00","hora_final":"20:00:00"},{"dia":"20221114","hora_inici":"11:00:00","hora_final":"19:30:00"},{"dia":"20221115","hora_inici":"11:00:00","hora_final":"19:30:00"},{"dia":"20221116","hora_inici":"11:00:00","hora_final":"19:30:00"},{"dia":"20221117","hora_inici":"11:00:00","hora_final":"19:30:00"},{"dia":"20221118","hora_inici":"11:00:00","hora_final":"19:30:00"},{"dia":"20221119","hora_inici":"10:00:00","hora_final":"20:00:00"},{"dia":"20221120","hora_inici":"10:00:00","hora_final":"20:00:00"}],"dies_i_horaris_visibles_a_fitxa":[{"dia_i_horari":"Du 24 septembre au 20 novembre"},{"dia_i_horari":"Du lundi au vendredi de 11h \u00e0 19h30"},{"dia_i_horari":"Week-ends et jours f\u00e9ri\u00e9s de 10h \u00e0 20h"}],"data_destacada":"<p> diverses dates <\/p>","data_ordenacio":"16\/11\/2022 11:00","preu":[{"categoria_de_preu":"Inclus avec l'entr\u00e9e au Poble Espanyol, entr\u00e9e au site \u00e0 partir de","import_preu":"9"}],"preu_destacat":"","ubicacio":"Carpa Poble Espanyol","contingut_recomanat":"Recommand\u00e9 pour tous les publics","categoria_slider":[],"text_previ_segona_explicacio":"","titular_segona_explicacio":"Collectionneurs, curieux et amateurs d'aventures fantastiques !","text_posterior_segona_explicacio":"C'est votre opportunit\u00e9 de vous recr\u00e9er dans l'univers de la plus c\u00e9l\u00e8bre saga cin\u00e9matographique dans un affichage impressionnant compos\u00e9 de statues, de personnages, de r\u00e9pliques, de dioramas et m\u00eame de peintures et d'affiches qui nous montrent des personnages et des moments embl\u00e9matiques de la plus importante saga de la Terre du Milieu du grand \u00e9cran.","text_detall_segona_explicacio":"L'exposition est incluse dans le billet Poble Espanyol, et pour y acc\u00e9der, il sera indispensable de r\u00e9server une heure (capacit\u00e9 limit\u00e9e).\r\n*FAN EXHIBITION non li\u00e9 au Embracer group.","seccions_activitat":null,"bloc_activitats":null,"titol_previ_programa":"","titol_programa":"","pdf_programa":null,"programa_activitat":null,"titol_colaboradors":"COLLABORER","colaboradors":[{"logo":206202}],"titol_video":"","video":null,"titol_galeria":"GALER\u00cdA DE IM\u00c1GENES","galeria":null,"titol_previ_activitats":"Ne le manquez pas","titol_activitats":"ACTIVIT\u00c9S CONNEXES","activitats_relacionades":{"manual":[212836,113963]},"tipus_ae":[]},"_links":{"self":[{"href":"https:\/\/poble-espanyol.com\/fr\/wp-json\/wp\/v2\/activitat\/213385","targetHints":{"allow":["GET"]}}],"collection":[{"href":"https:\/\/poble-espanyol.com\/fr\/wp-json\/wp\/v2\/activitat"}],"about":[{"href":"https:\/\/poble-espanyol.com\/fr\/wp-json\/wp\/v2\/types\/activitat"}],"author":[{"embeddable":true,"href":"https:\/\/poble-espanyol.com\/fr\/wp-json\/wp\/v2\/users\/4"}],"replies":[{"embeddable":true,"href":"https:\/\/poble-espanyol.com\/fr\/wp-json\/wp\/v2\/comments?post=213385"}],"version-history":[{"count":0,"href":"https:\/\/poble-espanyol.com\/fr\/wp-json\/wp\/v2\/activitat\/213385\/revisions"}],"wp:featuredmedia":[{"embeddable":true,"href":"https:\/\/poble-espanyol.com\/fr\/wp-json\/wp\/v2\/media\/209768"}],"wp:attachment":[{"href":"https:\/\/poble-espanyol.com\/fr\/wp-json\/wp\/v2\/media?parent=213385"}],"curies":[{"name":"wp","href":"https:\/\/api.w.org\/{rel}","templated":true}]}}