{"id":245583,"date":"2023-04-13T12:17:37","date_gmt":"2023-04-13T10:17:37","guid":{"rendered":"https:\/\/poble-espanyol.com\/?post_type=activitat&#038;p=245583"},"modified":"2023-07-17T12:35:54","modified_gmt":"2023-07-17T10:35:54","slug":"alma-festival-bastille","status":"publish","type":"activitat","link":"https:\/\/poble-espanyol.com\/fr\/activite\/alma-festival-bastille\/","title":{"rendered":"ALMA Festival &#8211; BASTILLE"},"content":{"rendered":"","protected":false},"excerpt":{"rendered":"","protected":false},"author":4,"featured_media":245304,"comment_status":"closed","ping_status":"closed","template":"","meta":{"_acf_changed":false,"footnotes":""},"class_list":["post-245583","activitat","type-activitat","status-publish","has-post-thumbnail","hentry"],"acf":{"activitat_destacada":false,"activitats_destacades":false,"activitats_destacades_agenda":false,"activitats_destacades_activitats_familiars":false,"activitats_destacades_activitats_concerts":false,"url_comprar_entrades":"https:\/\/www.ticketmaster.es\/event\/bastille-alma-festival-jardins-pedralbes-entradas\/35461","nom_activitat":"ALMA Festival Jardins Pedralbes","titol_previ_al_nom":"Un festival musical embl\u00e9matique dans un nouvel espace \u00e0 Barcelone","text_introductori":"Avec plus de 11 millions de disques vendus, 6 singles du Top 40 britannique et 1,7 milliard de vues vid\u00e9o, Bastille reste l'un des groupes les plus \u00e9cout\u00e9s au monde.\r\n \r\n","dates_activitat":[{"dia":"20230717","hora_inici":"21:30:00","hora_final":""}],"dies_i_horaris_visibles_a_fitxa":[{"dia_i_horari":"Les portes ouvrent \u00e0 19h30."},{"dia_i_horari":"D\u00e9but du concert \u00e0 21h30."}],"data_destacada":"<p> 17 JUILLET <\/p>","data_ordenacio":"17\/07\/2023 21:30","preu":[{"categoria_de_preu":"piste et tribunes","import_preu":"44"},{"categoria_de_preu":"Front stage","import_preu":"66"}],"preu_destacat":"Depuis 44","ubicacio":"","contingut_recomanat":"","categoria_slider":[],"text_previ_segona_explicacio":"","titular_segona_explicacio":"L'un des grands festivals d'\u00e9t\u00e9 \u00e0 Barcelone","text_posterior_segona_explicacio":"ALMA Festival Jardins Pedralbes s'installe au Poble Espanyol en pr\u00e9servant ses valeurs incomparables et en consolidant son lien indiscutable avec Barcelone.","text_detall_segona_explicacio":"Le festival se d\u00e9roulera du 10 au 27 juillet 2023 dans un grand espace ext\u00e9rieur et dans un cadre architectural unique.","seccions_activitat":null,"bloc_activitats":null,"titol_previ_programa":"","titol_programa":"","pdf_programa":"","programa_activitat":null,"titol_colaboradors":"","colaboradors":null,"titol_video":"","video":"","titol_galeria":"","galeria":null,"titol_previ_activitats":"","titol_activitats":"","activitats_relacionades":{"manual":""},"tipus_ae":""},"_links":{"self":[{"href":"https:\/\/poble-espanyol.com\/fr\/wp-json\/wp\/v2\/activitat\/245583","targetHints":{"allow":["GET"]}}],"collection":[{"href":"https:\/\/poble-espanyol.com\/fr\/wp-json\/wp\/v2\/activitat"}],"about":[{"href":"https:\/\/poble-espanyol.com\/fr\/wp-json\/wp\/v2\/types\/activitat"}],"author":[{"embeddable":true,"href":"https:\/\/poble-espanyol.com\/fr\/wp-json\/wp\/v2\/users\/4"}],"replies":[{"embeddable":true,"href":"https:\/\/poble-espanyol.com\/fr\/wp-json\/wp\/v2\/comments?post=245583"}],"version-history":[{"count":3,"href":"https:\/\/poble-espanyol.com\/fr\/wp-json\/wp\/v2\/activitat\/245583\/revisions"}],"predecessor-version":[{"id":247441,"href":"https:\/\/poble-espanyol.com\/fr\/wp-json\/wp\/v2\/activitat\/245583\/revisions\/247441"}],"wp:featuredmedia":[{"embeddable":true,"href":"https:\/\/poble-espanyol.com\/fr\/wp-json\/wp\/v2\/media\/245304"}],"wp:attachment":[{"href":"https:\/\/poble-espanyol.com\/fr\/wp-json\/wp\/v2\/media?parent=245583"}],"curies":[{"name":"wp","href":"https:\/\/api.w.org\/{rel}","templated":true}]}}