{"id":271728,"date":"2024-05-06T17:47:56","date_gmt":"2024-05-06T15:47:56","guid":{"rendered":"https:\/\/poble-espanyol.com\/actividad\/barts-festival-beat-3\/"},"modified":"2026-01-08T17:48:01","modified_gmt":"2026-01-08T15:48:01","slug":"barts-festival-belle-sebastian","status":"publish","type":"activitat","link":"https:\/\/poble-espanyol.com\/fr\/activite\/barts-festival-belle-sebastian\/","title":{"rendered":"BARTS Festival &#8211; Belle &#038; Sebastian"},"content":{"rendered":"","protected":false},"excerpt":{"rendered":"","protected":false},"author":4,"featured_media":271735,"comment_status":"closed","ping_status":"closed","template":"","meta":{"_acf_changed":false,"footnotes":""},"class_list":["post-271728","activitat","type-activitat","status-publish","has-post-thumbnail","hentry"],"acf":{"activitat_destacada":false,"activitats_destacades":false,"activitats_destacades_agenda":false,"activitats_destacades_activitats_familiars":false,"activitats_destacades_activitats_concerts":false,"url_comprar_entrades":"https:\/\/www.enterticket.es\/eventos\/belle-sebastian-poble-espanyol-932281","nom_activitat":"BARTS Festival 2026","titol_previ_al_nom":"Une salle mythique transform\u00e9e en festival d'\u00e9t\u00e9","text_introductori":"Stuart Murdoch et son groupe repr\u00e9sentent, depuis Glasgow, l\u2019essence de l\u2019indie britannique le plus raffin\u00e9 des ann\u00e9es 1990, soutenu par une poign\u00e9e de chansons intemporelles. Leurs concerts exaltants sont de v\u00e9ritables c\u00e9l\u00e9brations de la vie, remplies de superbes chansons pop. Ils revisiteront l\u2019une de leurs \u0153uvres les plus c\u00e9l\u00e9br\u00e9es, l\u2019inoubliable If You're Feeling Sinister, suivie d\u2019une s\u00e9lection de leurs plus grands succ\u00e8s. Cela promet, et de mani\u00e8re intense.","dates_activitat":[{"dia":"20260717","hora_inici":"21:00:00","hora_final":null}],"dies_i_horaris_visibles_a_fitxa":[{"dia_i_horari":"17 julliet 2026"},{"dia_i_horari":"Heure du concert : 21h30"}],"data_destacada":"<p> 17 JUL <\/p>","data_ordenacio":"2026-07-17 21:00:00","preu":null,"preu_destacat":"\u00c0 partir de 49,50\u20ac","ubicacio":"","contingut_recomanat":"","categoria_slider":[],"text_previ_segona_explicacio":"","titular_segona_explicacio":"BARTS ENTAME UNE NOUVELLE \u00c9TAPE EN TANT QUE FESTIVAL D'\u00c9T\u00c9 AU POBLE ESPANYOL","text_posterior_segona_explicacio":"La salle mythique de Barcelone transf\u00e8re son esprit au Poble Espanyol pour c\u00e9l\u00e9brer un \u00e9t\u00e9 de concerts inoubliables, o\u00f9 les noms historiques dialoguent avec les r\u00e9f\u00e9rents les plus contemporains.","text_detall_segona_explicacio":"","seccions_activitat":null,"bloc_activitats":null,"titol_previ_programa":"","titol_programa":"","pdf_programa":null,"programa_activitat":null,"titol_colaboradors":"","colaboradors":null,"titol_video":"","video":"https:\/\/youtu.be\/M8KXa8UcKtk","titol_galeria":"","galeria":null,"titol_previ_activitats":"","titol_activitats":"Plus de BARTS Festival","activitats_relacionades":{"manual":""},"tipus_ae":[]},"_links":{"self":[{"href":"https:\/\/poble-espanyol.com\/fr\/wp-json\/wp\/v2\/activitat\/271728","targetHints":{"allow":["GET"]}}],"collection":[{"href":"https:\/\/poble-espanyol.com\/fr\/wp-json\/wp\/v2\/activitat"}],"about":[{"href":"https:\/\/poble-espanyol.com\/fr\/wp-json\/wp\/v2\/types\/activitat"}],"author":[{"embeddable":true,"href":"https:\/\/poble-espanyol.com\/fr\/wp-json\/wp\/v2\/users\/4"}],"replies":[{"embeddable":true,"href":"https:\/\/poble-espanyol.com\/fr\/wp-json\/wp\/v2\/comments?post=271728"}],"version-history":[{"count":1,"href":"https:\/\/poble-espanyol.com\/fr\/wp-json\/wp\/v2\/activitat\/271728\/revisions"}],"predecessor-version":[{"id":271943,"href":"https:\/\/poble-espanyol.com\/fr\/wp-json\/wp\/v2\/activitat\/271728\/revisions\/271943"}],"wp:featuredmedia":[{"embeddable":true,"href":"https:\/\/poble-espanyol.com\/fr\/wp-json\/wp\/v2\/media\/271735"}],"wp:attachment":[{"href":"https:\/\/poble-espanyol.com\/fr\/wp-json\/wp\/v2\/media?parent=271728"}],"curies":[{"name":"wp","href":"https:\/\/api.w.org\/{rel}","templated":true}]}}