{"id":273232,"date":"2026-02-11T13:53:23","date_gmt":"2026-02-11T11:53:23","guid":{"rendered":"https:\/\/poble-espanyol.com\/?post_type=activitat&#038;p=273232"},"modified":"2026-02-17T14:48:32","modified_gmt":"2026-02-17T12:48:32","slug":"la-calcotada","status":"publish","type":"activitat","link":"https:\/\/poble-espanyol.com\/fr\/activite\/la-calcotada\/","title":{"rendered":"La Cal\u00e7otada au Poble"},"content":{"rendered":"","protected":false},"excerpt":{"rendered":"","protected":false},"author":4,"featured_media":273114,"comment_status":"open","ping_status":"closed","template":"","meta":{"_acf_changed":false,"footnotes":""},"class_list":["post-273232","activitat","type-activitat","status-publish","has-post-thumbnail","hentry"],"acf":{"activitat_destacada":true,"activitats_destacades":true,"activitats_destacades_agenda":true,"activitats_destacades_activitats_familiars":false,"activitats_destacades_activitats_concerts":false,"url_comprar_entrades":"https:\/\/pleisure.clorian.com\/es\/1893-la-calcotada","nom_activitat":"La Cal\u00e7otada","titol_previ_al_nom":"L\u2019art de se salir","text_introductori":"Le samedi 7 mars, la Pla\u00e7a Major du Poble Espanyol devient le c\u0153ur de l\u2019une des traditions les plus embl\u00e9matiques de Catalogne : La Cal\u00e7otada, une f\u00eate o\u00f9 nourriture, musique et ambiance conviviale se vivent \u00e0 la mani\u00e8re d\u2019un \u00ab tardeo \u00bb.\r\n\r\nUne cal\u00e7otada est un \u00e9v\u00e9nement traditionnel catalan o\u00f9 l\u2019on se retrouve pour d\u00e9guster des cal\u00e7ots\u2014une sorte d\u2019oignon vert doux\u2014grill\u00e9s au feu de bois et tremp\u00e9s dans une sauce romesco. C\u2019est salissant, convivial et surtout tr\u00e8s amusant. Lors de cet \u00e9v\u00e9nement, vous pourrez d\u00e9guster des cal\u00e7ots grill\u00e9s, des butifarras, participer \u00e0 une d\u00e9gustation de vins, au concours de manger des cal\u00e7ots, d\u00e9couvrir des stands de tapas et profiter de coins pour grignoter, manger avec les mains, se salir un peu et finir la journ\u00e9e avec de la musique et une ambiance festive.\r\n\r\nCertains samedis sont faits pour des plans rapides, d\u2019autres pour rester toute la journ\u00e9e entre amis, en famille ou avec tout le monde. C\u2019est le rituel : manger sans complexe, partager la table, se salir les mains et laisser la soir\u00e9e s\u2019allonger tranquillement.","dates_activitat":[{"dia":"20260307","hora_inici":"12:00:00","hora_final":"22:00:00"}],"dies_i_horaris_visibles_a_fitxa":null,"data_destacada":"<p>07\/03\/2026<\/p>","data_ordenacio":"2026-03-07 12:00:00","preu":[{"categoria_de_preu":"Entr\u00e9e + boisson","import_preu":"9"},{"categoria_de_preu":"Entr\u00e9e + menu de cal\u00e7ots","import_preu":"35"}],"preu_destacat":"35","ubicacio":"","contingut_recomanat":"Convient \u00e0 tous les \u00e2ges","categoria_slider":[],"text_previ_segona_explicacio":"","titular_segona_explicacio":"Musique","text_posterior_segona_explicacio":"Le point musical sera essentiel : un DJ set sur vinyles le matin pour installer l\u2019ambiance, et l\u2019apr\u00e8s-midi, un super DJ pour faire continuer la f\u00eate apr\u00e8s le d\u00e9jeuner. Mangez, buvez, dansez et restez aussi longtemps que vous le souhaitez.","text_detall_segona_explicacio":"Viens, bois, danse et reste aussi longtemps que tu veux.","seccions_activitat":null,"bloc_activitats":null,"titol_previ_programa":"","titol_programa":"","pdf_programa":null,"programa_activitat":[{"pestanya":[{"titol_pestanya":"7 MARS","entrada_del_programa":[{"titol_1":"12:00 - 14:00","titol_2":"","text_detall":"Vermouth : Vinyl Set by Salvadiscos","text_enllac_detall":"","url_enllac_detall":""},{"titol_1":"14:00 - 16:00","titol_2":"","text_detall":"D\u00e9jeuner","text_enllac_detall":"","url_enllac_detall":""},{"titol_1":"16:00 - 17:30","titol_2":"","text_detall":"Concert de rumba : TumbaloT\u00f3","text_enllac_detall":"","url_enllac_detall":""},{"titol_1":"17:30h - 18:30","titol_2":"","text_detall":"Live urbain : El Flakka","text_enllac_detall":"","url_enllac_detall":""},{"titol_1":"18:30 - 22:00","titol_2":"","text_detall":"Cl\u00f4ture : Winsa DJ","text_enllac_detall":"","url_enllac_detall":""}]}]}],"titol_colaboradors":"","colaboradors":null,"titol_video":"","video":null,"titol_galeria":"Galerie d\u2019images","galeria":[{"imatge_galeria":273073},{"imatge_galeria":273061},{"imatge_galeria":273067},{"imatge_galeria":273091}],"titol_previ_activitats":"","titol_activitats":"","activitats_relacionades":{"manual":""},"tipus_ae":[]},"_links":{"self":[{"href":"https:\/\/poble-espanyol.com\/fr\/wp-json\/wp\/v2\/activitat\/273232","targetHints":{"allow":["GET"]}}],"collection":[{"href":"https:\/\/poble-espanyol.com\/fr\/wp-json\/wp\/v2\/activitat"}],"about":[{"href":"https:\/\/poble-espanyol.com\/fr\/wp-json\/wp\/v2\/types\/activitat"}],"author":[{"embeddable":true,"href":"https:\/\/poble-espanyol.com\/fr\/wp-json\/wp\/v2\/users\/4"}],"replies":[{"embeddable":true,"href":"https:\/\/poble-espanyol.com\/fr\/wp-json\/wp\/v2\/comments?post=273232"}],"version-history":[{"count":4,"href":"https:\/\/poble-espanyol.com\/fr\/wp-json\/wp\/v2\/activitat\/273232\/revisions"}],"predecessor-version":[{"id":273476,"href":"https:\/\/poble-espanyol.com\/fr\/wp-json\/wp\/v2\/activitat\/273232\/revisions\/273476"}],"wp:featuredmedia":[{"embeddable":true,"href":"https:\/\/poble-espanyol.com\/fr\/wp-json\/wp\/v2\/media\/273114"}],"wp:attachment":[{"href":"https:\/\/poble-espanyol.com\/fr\/wp-json\/wp\/v2\/media?parent=273232"}],"curies":[{"name":"wp","href":"https:\/\/api.w.org\/{rel}","templated":true}]}}