{"id":114514,"date":"2022-03-16T19:13:32","date_gmt":"2022-03-16T17:13:32","guid":{"rendered":"https:\/\/pe.efimatica.com\/?post_type=artesa&#038;p=114514"},"modified":"2025-07-03T16:11:47","modified_gmt":"2025-07-03T14:11:47","slug":"florkanela","status":"publish","type":"artesa","link":"https:\/\/poble-espanyol.com\/fr\/artisan\/florkanela\/","title":{"rendered":"FlorKanela"},"content":{"rendered":"","protected":false},"excerpt":{"rendered":"<p>L&rsquo;atelier FlorKanela est un espace de cr\u00e9ation qui pr\u00e9serve les m\u00e9thodes de tissage traditionnelles. Ici, des v\u00eatements uniques tels que ch\u00e2les et \u00e9charpes sont con\u00e7us et tricot\u00e9s \u00e0 la main. L\u2019atelier allie les techniques artisanales \u00e0 l&rsquo;exp\u00e9rimentation de diff\u00e9rents mat\u00e9riaux dans le but de cr\u00e9er des v\u00eatements plus innovants et modernes.<\/p>\n","protected":false},"author":4,"featured_media":114512,"comment_status":"open","ping_status":"closed","template":"","meta":{"_acf_changed":false,"footnotes":""},"class_list":["post-114514","artesa","type-artesa","status-publish","has-post-thumbnail","hentry"],"acf":{"foto_artesa":104342,"nom_artesa":"Montse Casas","nom_establiment":"FlorKanela","carnet_artesa":"13706","serveis_artesa":[{"servei":"D\u00c9MONSTRATIONS DU COMMERCE"},{"servei":"ATELIERS ENFANTS"},{"servei":" PRODUITS FABRIQU\u00c9S EN POBLE ESPANYOL"}],"text_introductori":"L'atelier FlorKanela est un espace de cr\u00e9ation qui pr\u00e9serve les m\u00e9thodes de tissage traditionnelles. Ici, des v\u00eatements uniques tels que ch\u00e2les et \u00e9charpes sont con\u00e7us et tricot\u00e9s \u00e0 la main. L\u2019atelier allie les techniques artisanales \u00e0 l'exp\u00e9rimentation de diff\u00e9rents mat\u00e9riaux dans le but de cr\u00e9er des v\u00eatements plus innovants et modernes.\r\n","telefon":"649 283 982","mail":"florkanela@gmail.com","web":"https:\/\/www.florkanela.cat\/","xarxes":{"facebook":{"icona":"fa-facebook-f","url":"https:\/\/www.facebook.com\/FlorkanelaBcn"},"twitter":{"icona":"fa-social-twitter","url":""},"instagram":{"icona":"fa-instagram","url":"https:\/\/www.instagram.com\/florkanela.barcelona\/"}},"ubicacio":"Maison 86\/87","categoria_slider":[471],"titol_previ_tallers":"PARTICIPER \u00c0 SES ATELIERS","titol_tallers":" ATELIERS D'ARTISANAT","tallers_impartits":{"manual":[93192,93615,93624,93626]},"ubicacio_mapa":{"address":"Av. Francesc Ferrer i Gu\u00e0rdia, 13, 08038 Barcelona, Espa\u00f1a","lat":41.369012560714033,"lng":2.1487433047220961,"zoom":19,"place_id":"ChIJ33lIIneipBIRFaKLFbYb9jc","street_number":13,"street_name":"Avinguda Francesc Ferrer i Gu\u00e0rdia","street_name_short":"Av. Francesc Ferrer i Gu\u00e0rdia","city":"Barcelona","state":"Catalunya","state_short":"CT","post_code":8038,"country":"Espa\u00f1a","country_short":"ES"}},"_links":{"self":[{"href":"https:\/\/poble-espanyol.com\/fr\/wp-json\/wp\/v2\/artesa\/114514","targetHints":{"allow":["GET"]}}],"collection":[{"href":"https:\/\/poble-espanyol.com\/fr\/wp-json\/wp\/v2\/artesa"}],"about":[{"href":"https:\/\/poble-espanyol.com\/fr\/wp-json\/wp\/v2\/types\/artesa"}],"author":[{"embeddable":true,"href":"https:\/\/poble-espanyol.com\/fr\/wp-json\/wp\/v2\/users\/4"}],"replies":[{"embeddable":true,"href":"https:\/\/poble-espanyol.com\/fr\/wp-json\/wp\/v2\/comments?post=114514"}],"version-history":[{"count":1,"href":"https:\/\/poble-espanyol.com\/fr\/wp-json\/wp\/v2\/artesa\/114514\/revisions"}],"predecessor-version":[{"id":258675,"href":"https:\/\/poble-espanyol.com\/fr\/wp-json\/wp\/v2\/artesa\/114514\/revisions\/258675"}],"acf:term":[{"embeddable":true,"taxonomy":"categories-artesa-proces","href":"https:\/\/poble-espanyol.com\/fr\/wp-json\/wp\/v2\/categories-artesa-proces\/471"}],"wp:featuredmedia":[{"embeddable":true,"href":"https:\/\/poble-espanyol.com\/fr\/wp-json\/wp\/v2\/media\/114512"}],"wp:attachment":[{"href":"https:\/\/poble-espanyol.com\/fr\/wp-json\/wp\/v2\/media?parent=114514"}],"curies":[{"name":"wp","href":"https:\/\/api.w.org\/{rel}","templated":true}]}}