{"id":112881,"date":"2022-03-14T16:29:42","date_gmt":"2022-03-14T14:29:42","guid":{"rendered":"https:\/\/pe.efimatica.com\/?post_type=edifici&#038;p=112881"},"modified":"2022-03-14T16:46:35","modified_gmt":"2022-03-14T14:46:35","slug":"casa-de-garcia-de-veas","status":"publish","type":"edifici","link":"https:\/\/poble-espanyol.com\/fr\/batiment\/casa-de-garcia-de-veas\/","title":{"rendered":"Casa de Garc\u00eda de Veas"},"content":{"rendered":"","protected":false},"excerpt":{"rendered":"<p>La maison-palais Garc\u00eda de Veas est situ\u00e9e dans le quartier Barrio Bajo, sur la Place Modesto G\u00f3mez.<br \/>\nLa fa\u00e7ade du b\u00e2timent repr\u00e9sente les noms de Garc\u00eda, Veas, G\u00f3mez, Guerra, Sevillano, Lara et Ayllon. \u00c0 l&rsquo;int\u00e9rieur, l\u2019espace s\u2019organise autour d&rsquo;une cour centrale.<br \/>\nLes architectes du Poble Espanyol ont reproduit la fa\u00e7ade et les trois balcons, les deux c\u00f4t\u00e9s, la grille en fer et le balcon central avec rambarde en fer forg\u00e9.<\/p>\n","protected":false},"author":4,"featured_media":106690,"comment_status":"open","ping_status":"closed","template":"","meta":{"_acf_changed":false,"footnotes":""},"categories-edifici-poble":[2990],"class_list":["post-112881","edifici","type-edifici","status-publish","has-post-thumbnail","hentry","categories-edifici-poble-sud"],"acf":{"nom_edifici":"Casa de Garc\u00eda de Veas","titol_previ":"Casa de Garc\u00eda de Veas (Arcos de la Frontera, C\u00e1diz)","text_introductori":"La maison-palais Garc\u00eda de Veas est situ\u00e9e dans le quartier Barrio Bajo, sur la Place Modesto G\u00f3mez.\r\nLa fa\u00e7ade du b\u00e2timent repr\u00e9sente les noms de Garc\u00eda, Veas, G\u00f3mez, Guerra, Sevillano, Lara et Ayllon. \u00c0 l'int\u00e9rieur, l\u2019espace s\u2019organise autour d'une cour centrale.\r\nLes architectes du Poble Espanyol ont reproduit la fa\u00e7ade et les trois balcons, les deux c\u00f4t\u00e9s, la grille en fer et le balcon central avec rambarde en fer forg\u00e9.\r\n\r\n","fotos_adicionals":"","titular_segona_explicacio":"","text_posterior_segona_explicacio":"","text_previ_segona_explicacio":"","text_detall_segona_explicacio":"","seccions_edifici":null,"ubicacio":{"address":"Av. dels Montanyans, 23, 08038 Barcelona, Espa\u00f1a","lat":41.368665582522418,"lng":2.1492012443191388,"zoom":19,"place_id":"ChIJhRh61HaipBIR4kiVOh1uKWI","street_number":23,"street_name":"Avinguda dels Montanyans","street_name_short":"Av. dels Montanyans","city":"Barcelona","state":"Catalunya","state_short":"CT","post_code":8038,"country":"Espa\u00f1a","country_short":"ES"}},"_links":{"self":[{"href":"https:\/\/poble-espanyol.com\/fr\/wp-json\/wp\/v2\/edifici\/112881","targetHints":{"allow":["GET"]}}],"collection":[{"href":"https:\/\/poble-espanyol.com\/fr\/wp-json\/wp\/v2\/edifici"}],"about":[{"href":"https:\/\/poble-espanyol.com\/fr\/wp-json\/wp\/v2\/types\/edifici"}],"author":[{"embeddable":true,"href":"https:\/\/poble-espanyol.com\/fr\/wp-json\/wp\/v2\/users\/4"}],"replies":[{"embeddable":true,"href":"https:\/\/poble-espanyol.com\/fr\/wp-json\/wp\/v2\/comments?post=112881"}],"version-history":[{"count":0,"href":"https:\/\/poble-espanyol.com\/fr\/wp-json\/wp\/v2\/edifici\/112881\/revisions"}],"wp:featuredmedia":[{"embeddable":true,"href":"https:\/\/poble-espanyol.com\/fr\/wp-json\/wp\/v2\/media\/106690"}],"wp:attachment":[{"href":"https:\/\/poble-espanyol.com\/fr\/wp-json\/wp\/v2\/media?parent=112881"}],"wp:term":[{"taxonomy":"categories-edifici-poble","embeddable":true,"href":"https:\/\/poble-espanyol.com\/fr\/wp-json\/wp\/v2\/categories-edifici-poble?post=112881"}],"curies":[{"name":"wp","href":"https:\/\/api.w.org\/{rel}","templated":true}]}}