{"id":113026,"date":"2022-03-14T18:28:33","date_gmt":"2022-03-14T16:28:33","guid":{"rendered":"https:\/\/pe.efimatica.com\/?post_type=edifici&#038;p=113026"},"modified":"2022-03-14T18:34:08","modified_gmt":"2022-03-14T16:34:08","slug":"casa-esquinera","status":"publish","type":"edifici","link":"https:\/\/poble-espanyol.com\/fr\/batiment\/casa-esquinera\/","title":{"rendered":"Casa Esquinera"},"content":{"rendered":"","protected":false},"excerpt":{"rendered":"<p>La Casa Esquinera est situ\u00e9e \u00e0 Albarrac\u00edn, dans la province de Teruel.<br \/>\nAlbarrac\u00edn est une commune et une ville de la comarque de Sierra de Albarrac\u00edn, situ\u00e9e \u00e0 28 km de Teruel.<br \/>\nSon centre historique a \u00e9t\u00e9 d\u00e9clar\u00e9 bien d&rsquo;int\u00e9r\u00eat culturel. De plus, Albarrac\u00edn est consid\u00e9r\u00e9 comme l&rsquo;un des plus beaux villages de Teruel et d&rsquo;Espagne. Depuis 1961, la localit\u00e9 arbore le statut de monument national et a re\u00e7u la m\u00e9daille d&rsquo;or du M\u00e9rite des beaux-arts en 1996.<\/p>\n","protected":false},"author":4,"featured_media":107677,"comment_status":"open","ping_status":"closed","template":"","meta":{"_acf_changed":false,"footnotes":""},"categories-edifici-poble":[2984],"class_list":["post-113026","edifici","type-edifici","status-publish","has-post-thumbnail","hentry","categories-edifici-poble-centre-fr"],"acf":{"nom_edifici":"Casa Esquinera","titol_previ":"Casa Esquinera (Albarrac\u00edn, Teruel)","text_introductori":"La Casa Esquinera est situ\u00e9e \u00e0 Albarrac\u00edn, dans la province de Teruel.\r\nAlbarrac\u00edn est une commune et une ville de la comarque de Sierra de Albarrac\u00edn, situ\u00e9e \u00e0 28 km de Teruel.\r\nSon centre historique a \u00e9t\u00e9 d\u00e9clar\u00e9 bien d'int\u00e9r\u00eat culturel. De plus, Albarrac\u00edn est consid\u00e9r\u00e9 comme l'un des plus beaux villages de Teruel et d'Espagne. Depuis 1961, la localit\u00e9 arbore le statut de monument national et a re\u00e7u la m\u00e9daille d'or du M\u00e9rite des beaux-arts en 1996.\r\n","fotos_adicionals":"","titular_segona_explicacio":"","text_posterior_segona_explicacio":"","text_previ_segona_explicacio":"","text_detall_segona_explicacio":"","seccions_edifici":null,"ubicacio":{"address":"Av. Francesc Ferrer i Gu\u00e0rdia, 13, 08038 Barcelona, Espa\u00f1a","lat":41.368969533401554,"lng":2.1480586232787946,"zoom":19,"place_id":"ChIJ1VklG3eipBIRUkPrl99Hibo","street_number":13,"street_name":"Avinguda Francesc Ferrer i Gu\u00e0rdia","street_name_short":"Av. Francesc Ferrer i Gu\u00e0rdia","city":"Barcelona","state":"Catalunya","state_short":"CT","post_code":8038,"country":"Espa\u00f1a","country_short":"ES"}},"_links":{"self":[{"href":"https:\/\/poble-espanyol.com\/fr\/wp-json\/wp\/v2\/edifici\/113026","targetHints":{"allow":["GET"]}}],"collection":[{"href":"https:\/\/poble-espanyol.com\/fr\/wp-json\/wp\/v2\/edifici"}],"about":[{"href":"https:\/\/poble-espanyol.com\/fr\/wp-json\/wp\/v2\/types\/edifici"}],"author":[{"embeddable":true,"href":"https:\/\/poble-espanyol.com\/fr\/wp-json\/wp\/v2\/users\/4"}],"replies":[{"embeddable":true,"href":"https:\/\/poble-espanyol.com\/fr\/wp-json\/wp\/v2\/comments?post=113026"}],"version-history":[{"count":0,"href":"https:\/\/poble-espanyol.com\/fr\/wp-json\/wp\/v2\/edifici\/113026\/revisions"}],"wp:featuredmedia":[{"embeddable":true,"href":"https:\/\/poble-espanyol.com\/fr\/wp-json\/wp\/v2\/media\/107677"}],"wp:attachment":[{"href":"https:\/\/poble-espanyol.com\/fr\/wp-json\/wp\/v2\/media?parent=113026"}],"wp:term":[{"taxonomy":"categories-edifici-poble","embeddable":true,"href":"https:\/\/poble-espanyol.com\/fr\/wp-json\/wp\/v2\/categories-edifici-poble?post=113026"}],"curies":[{"name":"wp","href":"https:\/\/api.w.org\/{rel}","templated":true}]}}