{"id":113066,"date":"2022-03-14T18:49:15","date_gmt":"2022-03-14T16:49:15","guid":{"rendered":"https:\/\/pe.efimatica.com\/?post_type=edifici&#038;p=113066"},"modified":"2022-03-14T18:51:25","modified_gmt":"2022-03-14T16:51:25","slug":"casa-de-ninca","status":"publish","type":"edifici","link":"https:\/\/poble-espanyol.com\/fr\/batiment\/casa-de-ninca\/","title":{"rendered":"Casa de N\u00ednca"},"content":{"rendered":"","protected":false},"excerpt":{"rendered":"<p>\u00dabeda est une ville situ\u00e9e \u00e0 Ja\u00e9n qui a \u00e9t\u00e9 d\u00e9clar\u00e9e patrimoine historique de l\u2019humanit\u00e9 en 2003.<br \/>\nAujourd&rsquo;hui, la Casa de N\u00ednca s&rsquo;appelle la Casa de los Padilla. Elle est situ\u00e9e dans la rue Padilla, dans la ville d&rsquo;\u00dabeda.<br \/>\nSa r\u00e9plique se trouve au Poble Espanyol, sur la place Hermandad, qui offre un aspect typiquement andalou.<\/p>\n","protected":false},"author":4,"featured_media":107699,"comment_status":"open","ping_status":"closed","template":"","meta":{"_acf_changed":false,"footnotes":""},"categories-edifici-poble":[2990],"class_list":["post-113066","edifici","type-edifici","status-publish","has-post-thumbnail","hentry","categories-edifici-poble-sud"],"acf":{"nom_edifici":"Casa de N\u00ednca","titol_previ":"Casa de N\u00ednca (\u00dabeda, Ja\u00e9n)","text_introductori":"\u00dabeda est une ville situ\u00e9e \u00e0 Ja\u00e9n qui a \u00e9t\u00e9 d\u00e9clar\u00e9e patrimoine historique de l\u2019humanit\u00e9 en 2003.\r\nAujourd'hui, la Casa de N\u00ednca s'appelle la Casa de los Padilla. Elle est situ\u00e9e dans la rue Padilla, dans la ville d'\u00dabeda.\r\nSa r\u00e9plique se trouve au Poble Espanyol, sur la place Hermandad, qui offre un aspect typiquement andalou.\r\n\r\n\r\n\r\n\r\n","fotos_adicionals":"","titular_segona_explicacio":"","text_posterior_segona_explicacio":"","text_previ_segona_explicacio":"","text_detall_segona_explicacio":"","seccions_edifici":null,"ubicacio":{"address":"Av. Francesc Ferrer i Gu\u00e0rdia, 13, 08038 Barcelona, Espa\u00f1a","lat":41.368673634219924,"lng":2.1491073670036176,"zoom":19,"place_id":"ChIJ6S8pIHeipBIRry9X58Mz-8E","street_number":13,"street_name":"Avinguda Francesc Ferrer i Gu\u00e0rdia","street_name_short":"Av. Francesc Ferrer i Gu\u00e0rdia","city":"Barcelona","state":"Catalunya","state_short":"CT","post_code":8038,"country":"Espa\u00f1a","country_short":"ES"}},"_links":{"self":[{"href":"https:\/\/poble-espanyol.com\/fr\/wp-json\/wp\/v2\/edifici\/113066","targetHints":{"allow":["GET"]}}],"collection":[{"href":"https:\/\/poble-espanyol.com\/fr\/wp-json\/wp\/v2\/edifici"}],"about":[{"href":"https:\/\/poble-espanyol.com\/fr\/wp-json\/wp\/v2\/types\/edifici"}],"author":[{"embeddable":true,"href":"https:\/\/poble-espanyol.com\/fr\/wp-json\/wp\/v2\/users\/4"}],"replies":[{"embeddable":true,"href":"https:\/\/poble-espanyol.com\/fr\/wp-json\/wp\/v2\/comments?post=113066"}],"version-history":[{"count":0,"href":"https:\/\/poble-espanyol.com\/fr\/wp-json\/wp\/v2\/edifici\/113066\/revisions"}],"wp:featuredmedia":[{"embeddable":true,"href":"https:\/\/poble-espanyol.com\/fr\/wp-json\/wp\/v2\/media\/107699"}],"wp:attachment":[{"href":"https:\/\/poble-espanyol.com\/fr\/wp-json\/wp\/v2\/media?parent=113066"}],"wp:term":[{"taxonomy":"categories-edifici-poble","embeddable":true,"href":"https:\/\/poble-espanyol.com\/fr\/wp-json\/wp\/v2\/categories-edifici-poble?post=113066"}],"curies":[{"name":"wp","href":"https:\/\/api.w.org\/{rel}","templated":true}]}}