{"id":113080,"date":"2022-03-14T18:56:30","date_gmt":"2022-03-14T16:56:30","guid":{"rendered":"https:\/\/pe.efimatica.com\/?post_type=edifici&#038;p=113080"},"modified":"2022-03-14T18:59:46","modified_gmt":"2022-03-14T16:59:46","slug":"casa-de-manuel-jimenez","status":"publish","type":"edifici","link":"https:\/\/poble-espanyol.com\/fr\/batiment\/casa-de-manuel-jimenez\/","title":{"rendered":"Casa de Manuel Jim\u00e9nez"},"content":{"rendered":"","protected":false},"excerpt":{"rendered":"<p>La Casa de Manuel Jim\u00e9nez, un artisan mexicain (tailleur de pierre, sculpteur et peintre), est situ\u00e9e \u00e0 Molinos de Duero, Soria.<br \/>\nCe b\u00e2timent sera adapt\u00e9 pour devenir l&rsquo;un des espaces d&rsquo;un grand mus\u00e9e qui exposera plusieurs de ses cr\u00e9ations.<\/p>\n","protected":false},"author":4,"featured_media":107716,"comment_status":"open","ping_status":"closed","template":"","meta":{"_acf_changed":false,"footnotes":""},"categories-edifici-poble":[2984],"class_list":["post-113080","edifici","type-edifici","status-publish","has-post-thumbnail","hentry","categories-edifici-poble-centre-fr"],"acf":{"nom_edifici":"Casa de Manuel Jim\u00e9nez","titol_previ":"Casa de Manuel Jim\u00e9nez (Molinos del Duero, Soria)","text_introductori":"La Casa de Manuel Jim\u00e9nez, un artisan mexicain (tailleur de pierre, sculpteur et peintre), est situ\u00e9e \u00e0 Molinos de Duero, Soria.\r\nCe b\u00e2timent sera adapt\u00e9 pour devenir l'un des espaces d'un grand mus\u00e9e qui exposera plusieurs de ses cr\u00e9ations.\r\n\r\n\r\n\r\n\r\n","fotos_adicionals":"","titular_segona_explicacio":"","text_posterior_segona_explicacio":"","text_previ_segona_explicacio":"","text_detall_segona_explicacio":"","seccions_edifici":null,"ubicacio":{"address":"Av. Francesc Ferrer i Gu\u00e0rdia, 13-27, 08038 Barcelona, Espa\u00f1a","lat":41.369046024127805,"lng":2.1475168170577863,"zoom":19,"place_id":"ChIJAWuOqXeipBIRZlw96ZGYjpQ","street_number":"13-27","street_name":"Avinguda Francesc Ferrer i Gu\u00e0rdia","street_name_short":"Av. Francesc Ferrer i Gu\u00e0rdia","city":"Barcelona","state":"Catalunya","state_short":"CT","post_code":8038,"country":"Espa\u00f1a","country_short":"ES"}},"_links":{"self":[{"href":"https:\/\/poble-espanyol.com\/fr\/wp-json\/wp\/v2\/edifici\/113080","targetHints":{"allow":["GET"]}}],"collection":[{"href":"https:\/\/poble-espanyol.com\/fr\/wp-json\/wp\/v2\/edifici"}],"about":[{"href":"https:\/\/poble-espanyol.com\/fr\/wp-json\/wp\/v2\/types\/edifici"}],"author":[{"embeddable":true,"href":"https:\/\/poble-espanyol.com\/fr\/wp-json\/wp\/v2\/users\/4"}],"replies":[{"embeddable":true,"href":"https:\/\/poble-espanyol.com\/fr\/wp-json\/wp\/v2\/comments?post=113080"}],"version-history":[{"count":0,"href":"https:\/\/poble-espanyol.com\/fr\/wp-json\/wp\/v2\/edifici\/113080\/revisions"}],"wp:featuredmedia":[{"embeddable":true,"href":"https:\/\/poble-espanyol.com\/fr\/wp-json\/wp\/v2\/media\/107716"}],"wp:attachment":[{"href":"https:\/\/poble-espanyol.com\/fr\/wp-json\/wp\/v2\/media?parent=113080"}],"wp:term":[{"taxonomy":"categories-edifici-poble","embeddable":true,"href":"https:\/\/poble-espanyol.com\/fr\/wp-json\/wp\/v2\/categories-edifici-poble?post=113080"}],"curies":[{"name":"wp","href":"https:\/\/api.w.org\/{rel}","templated":true}]}}