{"id":113149,"date":"2022-03-14T19:23:13","date_gmt":"2022-03-14T17:23:13","guid":{"rendered":"https:\/\/pe.efimatica.com\/?post_type=edifici&#038;p=113149"},"modified":"2022-03-14T19:29:12","modified_gmt":"2022-03-14T17:29:12","slug":"casa-del-marques-de-la-floresta","status":"publish","type":"edifici","link":"https:\/\/poble-espanyol.com\/fr\/batiment\/casa-del-marques-de-la-floresta\/","title":{"rendered":"Casa del Marqu\u00e9s de la Floresta"},"content":{"rendered":"","protected":false},"excerpt":{"rendered":"<p>Construite au XIIIe si\u00e8cle par la famille Ard\u00e9vol, la Casa del Marqu\u00e9s de la Floresta est situ\u00e9e \u00e0 T\u00e1rrega. C&rsquo;est l&rsquo;un des exemples les plus remarquables de l&rsquo;architecture civile catalane de style roman.<br \/>\nElle a \u00e9t\u00e9 construite \u00e0 l&rsquo;origine pour servir d&rsquo;h\u00f4pital, mais au cours du XIIe si\u00e8cle, elle est pass\u00e9e entre les mains de divers marquis et de leurs familles. En 1940, elle a \u00e9t\u00e9 d\u00e9molie et ses pierres ont \u00e9t\u00e9 conserv\u00e9es dans le cimeti\u00e8re de la ville.<br \/>\nEn 1955, la Mairie a donn\u00e9 la fa\u00e7ade du palais \u00e0 la Mutua Patronal de T\u00e0rrega pour qu&rsquo;elle soit reconstruite dans un b\u00e2timent de la rue del Carme, \u00e0 l&rsquo;endroit exact o\u00f9 se trouvait le palais auparavant.<\/p>\n","protected":false},"author":7,"featured_media":107783,"comment_status":"open","ping_status":"closed","template":"","meta":{"_acf_changed":false,"footnotes":""},"categories-edifici-poble":[2986],"class_list":["post-113149","edifici","type-edifici","status-publish","has-post-thumbnail","hentry","categories-edifici-poble-mediterranee"],"acf":{"nom_edifici":"Casa del Marqu\u00e9s de la Floresta ","titol_previ":"Casa del Marqu\u00e9s de la Floresta (T\u00e0rrega, Lleida)","text_introductori":"Construite au XIIIe si\u00e8cle par la famille Ard\u00e9vol, la Casa del Marqu\u00e9s de la Floresta est situ\u00e9e \u00e0 T\u00e1rrega. C'est l'un des exemples les plus remarquables de l'architecture civile catalane de style roman.\r\nElle a \u00e9t\u00e9 construite \u00e0 l'origine pour servir d'h\u00f4pital, mais au cours du XIIe si\u00e8cle, elle est pass\u00e9e entre les mains de divers marquis et de leurs familles. En 1940, elle a \u00e9t\u00e9 d\u00e9molie et ses pierres ont \u00e9t\u00e9 conserv\u00e9es dans le cimeti\u00e8re de la ville.\r\nEn 1955, la Mairie a donn\u00e9 la fa\u00e7ade du palais \u00e0 la Mutua Patronal de T\u00e0rrega pour qu'elle soit reconstruite dans un b\u00e2timent de la rue del Carme, \u00e0 l'endroit exact o\u00f9 se trouvait le palais auparavant.\r\n\r\n\r\n\r\n\r\n\r\n\r\n\r\n\r\n\r\n","fotos_adicionals":"","titular_segona_explicacio":"","text_posterior_segona_explicacio":"","text_previ_segona_explicacio":"","text_detall_segona_explicacio":"","seccions_edifici":null,"ubicacio":{"address":"Av. Francesc Ferrer i Gu\u00e0rdia, 13-27, 08038 Barcelona, Espa\u00f1a","lat":41.369027907911438,"lng":2.1494265498763898,"zoom":19,"place_id":"ChIJn8soKXeipBIRTblmETJVvy4","street_number":"13-27","street_name":"Avinguda Francesc Ferrer i Gu\u00e0rdia","street_name_short":"Av. Francesc Ferrer i Gu\u00e0rdia","city":"Barcelona","state":"Catalunya","state_short":"CT","post_code":8038,"country":"Espa\u00f1a","country_short":"ES"}},"_links":{"self":[{"href":"https:\/\/poble-espanyol.com\/fr\/wp-json\/wp\/v2\/edifici\/113149","targetHints":{"allow":["GET"]}}],"collection":[{"href":"https:\/\/poble-espanyol.com\/fr\/wp-json\/wp\/v2\/edifici"}],"about":[{"href":"https:\/\/poble-espanyol.com\/fr\/wp-json\/wp\/v2\/types\/edifici"}],"author":[{"embeddable":true,"href":"https:\/\/poble-espanyol.com\/fr\/wp-json\/wp\/v2\/users\/7"}],"replies":[{"embeddable":true,"href":"https:\/\/poble-espanyol.com\/fr\/wp-json\/wp\/v2\/comments?post=113149"}],"version-history":[{"count":0,"href":"https:\/\/poble-espanyol.com\/fr\/wp-json\/wp\/v2\/edifici\/113149\/revisions"}],"wp:featuredmedia":[{"embeddable":true,"href":"https:\/\/poble-espanyol.com\/fr\/wp-json\/wp\/v2\/media\/107783"}],"wp:attachment":[{"href":"https:\/\/poble-espanyol.com\/fr\/wp-json\/wp\/v2\/media?parent=113149"}],"wp:term":[{"taxonomy":"categories-edifici-poble","embeddable":true,"href":"https:\/\/poble-espanyol.com\/fr\/wp-json\/wp\/v2\/categories-edifici-poble?post=113149"}],"curies":[{"name":"wp","href":"https:\/\/api.w.org\/{rel}","templated":true}]}}