{"id":113203,"date":"2022-03-15T09:30:02","date_gmt":"2022-03-15T07:30:02","guid":{"rendered":"https:\/\/pe.efimatica.com\/?post_type=edifici&#038;p=113203"},"modified":"2022-03-15T09:32:00","modified_gmt":"2022-03-15T07:32:00","slug":"can-rovira","status":"publish","type":"edifici","link":"https:\/\/poble-espanyol.com\/fr\/batiment\/can-rovira\/","title":{"rendered":"Can Rovira"},"content":{"rendered":"","protected":false},"excerpt":{"rendered":"<p>Rupit i Pruit est situ\u00e9 dans la comarque de Girona et il est consid\u00e9r\u00e9 comme l\u2019un des plus beaux villages d\u2019Espagne.<br \/>\nLe village aux ruelles pav\u00e9es se dresse sur un rocher et il est entour\u00e9 par la rivi\u00e8re Rupit qui fait office d\u2019enceinte naturelle. Vous y trouverez des maisons en pierre dont la construction se situe entre le XVIe et le XVIIIe si\u00e8cle. Nombre d\u2019entre elles ont \u00e9t\u00e9 reconverties en g\u00eetes ruraux, restaurants, boutiques\u2026<\/p>\n","protected":false},"author":4,"featured_media":107964,"comment_status":"open","ping_status":"closed","template":"","meta":{"_acf_changed":false,"footnotes":""},"categories-edifici-poble":[2986],"class_list":["post-113203","edifici","type-edifici","status-publish","has-post-thumbnail","hentry","categories-edifici-poble-mediterranee"],"acf":{"nom_edifici":"Can Rovira","titol_previ":"Can Rovira (Rupit, Barcelona)","text_introductori":"Rupit i Pruit est situ\u00e9 dans la comarque de Girona et il est consid\u00e9r\u00e9 comme l\u2019un des plus beaux villages d\u2019Espagne.\r\nLe village aux ruelles pav\u00e9es se dresse sur un rocher et il est entour\u00e9 par la rivi\u00e8re Rupit qui fait office d\u2019enceinte naturelle. Vous y trouverez des maisons en pierre dont la construction se situe entre le XVIe et le XVIIIe si\u00e8cle. Nombre d\u2019entre elles ont \u00e9t\u00e9 reconverties en g\u00eetes ruraux, restaurants, boutiques\u2026\r\n","fotos_adicionals":"","titular_segona_explicacio":"","text_posterior_segona_explicacio":"","text_previ_segona_explicacio":"","text_detall_segona_explicacio":"","seccions_edifici":null,"ubicacio":{"address":"Av. Francesc Ferrer i Gu\u00e0rdia, 13, 08038 Barcelona, Espa\u00f1a","lat":41.368985636719671,"lng":2.1490671338683942,"zoom":20,"place_id":"ChIJ6S8pIHeipBIRry9X58Mz-8E","street_number":13,"street_name":"Avinguda Francesc Ferrer i Gu\u00e0rdia","street_name_short":"Av. Francesc Ferrer i Gu\u00e0rdia","city":"Barcelona","state":"Catalunya","state_short":"CT","post_code":8038,"country":"Espa\u00f1a","country_short":"ES"}},"_links":{"self":[{"href":"https:\/\/poble-espanyol.com\/fr\/wp-json\/wp\/v2\/edifici\/113203","targetHints":{"allow":["GET"]}}],"collection":[{"href":"https:\/\/poble-espanyol.com\/fr\/wp-json\/wp\/v2\/edifici"}],"about":[{"href":"https:\/\/poble-espanyol.com\/fr\/wp-json\/wp\/v2\/types\/edifici"}],"author":[{"embeddable":true,"href":"https:\/\/poble-espanyol.com\/fr\/wp-json\/wp\/v2\/users\/4"}],"replies":[{"embeddable":true,"href":"https:\/\/poble-espanyol.com\/fr\/wp-json\/wp\/v2\/comments?post=113203"}],"version-history":[{"count":0,"href":"https:\/\/poble-espanyol.com\/fr\/wp-json\/wp\/v2\/edifici\/113203\/revisions"}],"wp:featuredmedia":[{"embeddable":true,"href":"https:\/\/poble-espanyol.com\/fr\/wp-json\/wp\/v2\/media\/107964"}],"wp:attachment":[{"href":"https:\/\/poble-espanyol.com\/fr\/wp-json\/wp\/v2\/media?parent=113203"}],"wp:term":[{"taxonomy":"categories-edifici-poble","embeddable":true,"href":"https:\/\/poble-espanyol.com\/fr\/wp-json\/wp\/v2\/categories-edifici-poble?post=113203"}],"curies":[{"name":"wp","href":"https:\/\/api.w.org\/{rel}","templated":true}]}}