{"id":113229,"date":"2022-03-15T09:35:29","date_gmt":"2022-03-15T07:35:29","guid":{"rendered":"https:\/\/pe.efimatica.com\/?post_type=edifici&#038;p=113229"},"modified":"2022-03-15T09:39:02","modified_gmt":"2022-03-15T07:39:02","slug":"can-banus","status":"publish","type":"edifici","link":"https:\/\/poble-espanyol.com\/fr\/batiment\/can-banus\/","title":{"rendered":"Can Ban\u00fas"},"content":{"rendered":"","protected":false},"excerpt":{"rendered":"<p>Situ\u00e9e dans le village de Rupit et Pruit, Can Ban\u00fas est une maison inscrite \u00e0 l&rsquo;inventaire du patrimoine architectural de Catalogne.<br \/>\nLe b\u00e2timent est en pierre et pr\u00e9sente des parties en pierre broy\u00e9e. Il est situ\u00e9 entre des murs mitoyens et s&rsquo;appuie sur l&rsquo;irr\u00e9gularit\u00e9 de la roche.<br \/>\nL&rsquo;importance de cette maison est due \u00e0 sa beaut\u00e9 architecturale et \u00e0 l&rsquo;unit\u00e9 des b\u00e2timents qui la composent.<\/p>\n","protected":false},"author":4,"featured_media":107983,"comment_status":"open","ping_status":"closed","template":"","meta":{"_acf_changed":false,"footnotes":""},"categories-edifici-poble":[2986],"class_list":["post-113229","edifici","type-edifici","status-publish","has-post-thumbnail","hentry","categories-edifici-poble-mediterranee"],"acf":{"nom_edifici":"Can Ban\u00fas","titol_previ":"Can Ban\u00fas (Rupit, Barcelona)","text_introductori":"Situ\u00e9e dans le village de Rupit et Pruit, Can Ban\u00fas est une maison inscrite \u00e0 l'inventaire du patrimoine architectural de Catalogne.\r\nLe b\u00e2timent est en pierre et pr\u00e9sente des parties en pierre broy\u00e9e. Il est situ\u00e9 entre des murs mitoyens et s'appuie sur l'irr\u00e9gularit\u00e9 de la roche.\r\nL'importance de cette maison est due \u00e0 sa beaut\u00e9 architecturale et \u00e0 l'unit\u00e9 des b\u00e2timents qui la composent.\r\n","fotos_adicionals":"","titular_segona_explicacio":"","text_posterior_segona_explicacio":"","text_previ_segona_explicacio":"","text_detall_segona_explicacio":"","seccions_edifici":null,"ubicacio":{"address":"Av. Francesc Ferrer i Gu\u00e0rdia, 13, 08038 Barcelona, Espa\u00f1a","lat":41.368693763458324,"lng":2.1486326160079816,"zoom":19,"place_id":"ChIJCzqCsneipBIRYX7hn48xvoM","street_number":13,"street_name":"Avinguda Francesc Ferrer i Gu\u00e0rdia","street_name_short":"Av. Francesc Ferrer i Gu\u00e0rdia","city":"Barcelona","state":"Catalunya","state_short":"CT","post_code":8038,"country":"Espa\u00f1a","country_short":"ES"}},"_links":{"self":[{"href":"https:\/\/poble-espanyol.com\/fr\/wp-json\/wp\/v2\/edifici\/113229","targetHints":{"allow":["GET"]}}],"collection":[{"href":"https:\/\/poble-espanyol.com\/fr\/wp-json\/wp\/v2\/edifici"}],"about":[{"href":"https:\/\/poble-espanyol.com\/fr\/wp-json\/wp\/v2\/types\/edifici"}],"author":[{"embeddable":true,"href":"https:\/\/poble-espanyol.com\/fr\/wp-json\/wp\/v2\/users\/4"}],"replies":[{"embeddable":true,"href":"https:\/\/poble-espanyol.com\/fr\/wp-json\/wp\/v2\/comments?post=113229"}],"version-history":[{"count":0,"href":"https:\/\/poble-espanyol.com\/fr\/wp-json\/wp\/v2\/edifici\/113229\/revisions"}],"wp:featuredmedia":[{"embeddable":true,"href":"https:\/\/poble-espanyol.com\/fr\/wp-json\/wp\/v2\/media\/107983"}],"wp:attachment":[{"href":"https:\/\/poble-espanyol.com\/fr\/wp-json\/wp\/v2\/media?parent=113229"}],"wp:term":[{"taxonomy":"categories-edifici-poble","embeddable":true,"href":"https:\/\/poble-espanyol.com\/fr\/wp-json\/wp\/v2\/categories-edifici-poble?post=113229"}],"curies":[{"name":"wp","href":"https:\/\/api.w.org\/{rel}","templated":true}]}}