{"id":113255,"date":"2022-03-15T09:43:01","date_gmt":"2022-03-15T07:43:01","guid":{"rendered":"https:\/\/pe.efimatica.com\/?post_type=edifici&#038;p=113255"},"modified":"2022-03-15T09:48:16","modified_gmt":"2022-03-15T07:48:16","slug":"palacio-de-los-golfines-de-abajo","status":"publish","type":"edifici","link":"https:\/\/poble-espanyol.com\/fr\/batiment\/palacio-de-los-golfines-de-abajo\/","title":{"rendered":"Palacio de los Golfines de Abajo"},"content":{"rendered":"","protected":false},"excerpt":{"rendered":"<p>Le palais de Los Golfines de Abajo est situ\u00e9 dans l&rsquo;enceinte monumentale de la ville de C\u00e1ceres. Il a \u00e9t\u00e9 d\u00e9clar\u00e9 patrimoine mondial de l\u2019humanit\u00e9.<br \/>\nIl y a deux palais, celui d\u2019en Haut et celui d\u2019en Bas. Dans le cas pr\u00e9sent, la construction du palais d\u2019en Bas a \u00e9t\u00e9 ordonn\u00e9e \u00e0 la fin du XVe si\u00e8cle par la famille Golf\u00edn, l&rsquo;une des familles nobles les plus puissantes d&rsquo;Estr\u00e9madure.<br \/>\nLa porte du palais fait partie des plus belles fa\u00e7ades de style plateresque de la province.<\/p>\n","protected":false},"author":7,"featured_media":107854,"comment_status":"open","ping_status":"closed","template":"","meta":{"_acf_changed":false,"footnotes":""},"categories-edifici-poble":[2984],"class_list":["post-113255","edifici","type-edifici","status-publish","has-post-thumbnail","hentry","categories-edifici-poble-centre-fr"],"acf":{"nom_edifici":"Palacio de los Golfines de abajo ","titol_previ":"Palacio de los Golfines de abajo (C\u00e1ceres, Extremadura)","text_introductori":"Le palais de Los Golfines de Abajo est situ\u00e9 dans l'enceinte monumentale de la ville de C\u00e1ceres. Il a \u00e9t\u00e9 d\u00e9clar\u00e9 patrimoine mondial de l\u2019humanit\u00e9.\r\nIl y a deux palais, celui d\u2019en Haut et celui d\u2019en Bas. Dans le cas pr\u00e9sent, la construction du palais d\u2019en Bas a \u00e9t\u00e9 ordonn\u00e9e \u00e0 la fin du XVe si\u00e8cle par la famille Golf\u00edn, l'une des familles nobles les plus puissantes d'Estr\u00e9madure.\r\nLa porte du palais fait partie des plus belles fa\u00e7ades de style plateresque de la province.\r\n\r\n\r\n\r\n\r\n\r\n\r\n\r\n","fotos_adicionals":"","titular_segona_explicacio":"","text_posterior_segona_explicacio":"","text_previ_segona_explicacio":"","text_detall_segona_explicacio":"","seccions_edifici":null,"ubicacio":{"address":"Avinguda Marqu\u00e8s de Comillas, 27, 08038 Barcelona, Espa\u00f1a","lat":41.369100372746985,"lng":2.1468784513122419,"zoom":19,"place_id":"ChIJuZOgsXeipBIRC5oZjxgPiAY","street_number":27,"street_name":"Avinguda Marqu\u00e8s de Comillas","city":"Barcelona","state":"Catalunya","state_short":"CT","post_code":8038,"country":"Espa\u00f1a","country_short":"ES"}},"_links":{"self":[{"href":"https:\/\/poble-espanyol.com\/fr\/wp-json\/wp\/v2\/edifici\/113255","targetHints":{"allow":["GET"]}}],"collection":[{"href":"https:\/\/poble-espanyol.com\/fr\/wp-json\/wp\/v2\/edifici"}],"about":[{"href":"https:\/\/poble-espanyol.com\/fr\/wp-json\/wp\/v2\/types\/edifici"}],"author":[{"embeddable":true,"href":"https:\/\/poble-espanyol.com\/fr\/wp-json\/wp\/v2\/users\/7"}],"replies":[{"embeddable":true,"href":"https:\/\/poble-espanyol.com\/fr\/wp-json\/wp\/v2\/comments?post=113255"}],"version-history":[{"count":0,"href":"https:\/\/poble-espanyol.com\/fr\/wp-json\/wp\/v2\/edifici\/113255\/revisions"}],"wp:featuredmedia":[{"embeddable":true,"href":"https:\/\/poble-espanyol.com\/fr\/wp-json\/wp\/v2\/media\/107854"}],"wp:attachment":[{"href":"https:\/\/poble-espanyol.com\/fr\/wp-json\/wp\/v2\/media?parent=113255"}],"wp:term":[{"taxonomy":"categories-edifici-poble","embeddable":true,"href":"https:\/\/poble-espanyol.com\/fr\/wp-json\/wp\/v2\/categories-edifici-poble?post=113255"}],"curies":[{"name":"wp","href":"https:\/\/api.w.org\/{rel}","templated":true}]}}