{"id":113273,"date":"2022-03-15T09:49:30","date_gmt":"2022-03-15T07:49:30","guid":{"rendered":"https:\/\/pe.efimatica.com\/?post_type=edifici&#038;p=113273"},"modified":"2022-03-15T09:51:54","modified_gmt":"2022-03-15T07:51:54","slug":"el-burgo-de-osma-2","status":"publish","type":"edifici","link":"https:\/\/poble-espanyol.com\/fr\/batiment\/el-burgo-de-osma-2\/","title":{"rendered":"El Burgo de Osma"},"content":{"rendered":"","protected":false},"excerpt":{"rendered":"<p>Burgo de Osma est une ville d\u00e9clar\u00e9e site historique et artistique depuis 1993, et ville d&rsquo;int\u00e9r\u00eat touristique depuis 1962.<br \/>\nCette ville \u00e9piscopale monumentale conserve une enceinte fortifi\u00e9e et un nombre important de b\u00e2timents pr\u00e9sid\u00e9s par la cath\u00e9drale de Nuestra Se\u00f1ora de la Asunci\u00f3n. Parmi les b\u00e2timents les plus int\u00e9ressants, citons notamment l\u2019enceinte, le couvent du Carmen, l&rsquo;hospice, l&rsquo;\u00e9glise de Santa Cristina de Osma, etc.<br \/>\nElle fait partie des principales communes de Castille-et-Le\u00f3n<\/p>\n","protected":false},"author":4,"featured_media":108355,"comment_status":"open","ping_status":"closed","template":"","meta":{"_acf_changed":false,"footnotes":""},"categories-edifici-poble":[2984],"class_list":["post-113273","edifici","type-edifici","status-publish","has-post-thumbnail","hentry","categories-edifici-poble-centre-fr"],"acf":{"nom_edifici":"El Burgo de Osma ","titol_previ":"El Burgo de Osma (Soria)","text_introductori":"Burgo de Osma est une ville d\u00e9clar\u00e9e site historique et artistique depuis 1993, et ville d'int\u00e9r\u00eat touristique depuis 1962.\r\nCette ville \u00e9piscopale monumentale conserve une enceinte fortifi\u00e9e et un nombre important de b\u00e2timents pr\u00e9sid\u00e9s par la cath\u00e9drale de Nuestra Se\u00f1ora de la Asunci\u00f3n. Parmi les b\u00e2timents les plus int\u00e9ressants, citons notamment l\u2019enceinte, le couvent du Carmen, l'hospice, l'\u00e9glise de Santa Cristina de Osma, etc.\r\nElle fait partie des principales communes de Castille-et-Le\u00f3n\r\n","fotos_adicionals":"","titular_segona_explicacio":"","text_posterior_segona_explicacio":"","text_previ_segona_explicacio":"","text_detall_segona_explicacio":"","seccions_edifici":null,"ubicacio":{"address":"Av. Francesc Ferrer i Gu\u00e0rdia, 13, 08038 Barcelona, Espa\u00f1a","lat":41.36845825097587,"lng":2.147224456275163,"zoom":19,"place_id":"ChIJkctNUXaipBIREwO5jkIrgiU","street_number":13,"street_name":"Avinguda Francesc Ferrer i Gu\u00e0rdia","street_name_short":"Av. Francesc Ferrer i Gu\u00e0rdia","city":"Barcelona","state":"Catalunya","state_short":"CT","post_code":8038,"country":"Espa\u00f1a","country_short":"ES"}},"_links":{"self":[{"href":"https:\/\/poble-espanyol.com\/fr\/wp-json\/wp\/v2\/edifici\/113273","targetHints":{"allow":["GET"]}}],"collection":[{"href":"https:\/\/poble-espanyol.com\/fr\/wp-json\/wp\/v2\/edifici"}],"about":[{"href":"https:\/\/poble-espanyol.com\/fr\/wp-json\/wp\/v2\/types\/edifici"}],"author":[{"embeddable":true,"href":"https:\/\/poble-espanyol.com\/fr\/wp-json\/wp\/v2\/users\/4"}],"replies":[{"embeddable":true,"href":"https:\/\/poble-espanyol.com\/fr\/wp-json\/wp\/v2\/comments?post=113273"}],"version-history":[{"count":0,"href":"https:\/\/poble-espanyol.com\/fr\/wp-json\/wp\/v2\/edifici\/113273\/revisions"}],"wp:featuredmedia":[{"embeddable":true,"href":"https:\/\/poble-espanyol.com\/fr\/wp-json\/wp\/v2\/media\/108355"}],"wp:attachment":[{"href":"https:\/\/poble-espanyol.com\/fr\/wp-json\/wp\/v2\/media?parent=113273"}],"wp:term":[{"taxonomy":"categories-edifici-poble","embeddable":true,"href":"https:\/\/poble-espanyol.com\/fr\/wp-json\/wp\/v2\/categories-edifici-poble?post=113273"}],"curies":[{"name":"wp","href":"https:\/\/api.w.org\/{rel}","templated":true}]}}