{"id":113415,"date":"2022-03-15T10:26:07","date_gmt":"2022-03-15T08:26:07","guid":{"rendered":"https:\/\/pe.efimatica.com\/?post_type=edifici&#038;p=113415"},"modified":"2022-03-15T10:28:46","modified_gmt":"2022-03-15T08:28:46","slug":"hospital-de-santa-magdalena","status":"publish","type":"edifici","link":"https:\/\/poble-espanyol.com\/fr\/batiment\/hospital-de-santa-magdalena\/","title":{"rendered":"Hospital de Santa Magdalena"},"content":{"rendered":"","protected":false},"excerpt":{"rendered":"<p>L&rsquo;hospice de Santa Magdalena est n\u00e9 de la fusion d&rsquo;un ensemble d\u2019hospices command\u00e9e par Ferran II au cours du XVe si\u00e8cle. Le but de cette fusion \u00e9tait de prendre soin des pauvres, des p\u00e8lerins et des malades.<br \/>\nPar la suite, une communaut\u00e9 de s\u0153urs qui donnaient des cours aux femmes du village a \u00e9t\u00e9 cr\u00e9\u00e9e, puis l\u2019hospice est devenu un cabinet m\u00e9dical et enfin une entreprise textile.<br \/>\nC&rsquo;est actuellement le si\u00e8ge des Archives historiques de la Conca de Barber\u00e0.<\/p>\n","protected":false},"author":7,"featured_media":108112,"comment_status":"open","ping_status":"closed","template":"","meta":{"_acf_changed":false,"footnotes":""},"categories-edifici-poble":[2986],"class_list":["post-113415","edifici","type-edifici","status-publish","has-post-thumbnail","hentry","categories-edifici-poble-mediterranee"],"acf":{"nom_edifici":"Hospital de Santa Magdalena","titol_previ":"Hospital de Santa Magdalena (Montblanc, Tarragona)","text_introductori":"L'hospice de Santa Magdalena est n\u00e9 de la fusion d'un ensemble d\u2019hospices command\u00e9e par Ferran II au cours du XVe si\u00e8cle. Le but de cette fusion \u00e9tait de prendre soin des pauvres, des p\u00e8lerins et des malades.\r\nPar la suite, une communaut\u00e9 de s\u0153urs qui donnaient des cours aux femmes du village a \u00e9t\u00e9 cr\u00e9\u00e9e, puis l\u2019hospice est devenu un cabinet m\u00e9dical et enfin une entreprise textile.\r\nC'est actuellement le si\u00e8ge des Archives historiques de la Conca de Barber\u00e0.\r\n\r\n\r\n\r\n\r\n\r\n\r\n\r\n","fotos_adicionals":"","titular_segona_explicacio":"","text_posterior_segona_explicacio":"","text_previ_segona_explicacio":"","text_detall_segona_explicacio":"","seccions_edifici":null,"ubicacio":{"address":"Av. Francesc Ferrer i Gu\u00e0rdia, 13, 08038 Barcelona, Espa\u00f1a","lat":41.368919210506611,"lng":2.148546785319505,"zoom":19,"place_id":"ChIJ6S8pIHeipBIRry9X58Mz-8E","street_number":13,"street_name":"Avinguda Francesc Ferrer i Gu\u00e0rdia","street_name_short":"Av. Francesc Ferrer i Gu\u00e0rdia","city":"Barcelona","state":"Catalunya","state_short":"CT","post_code":8038,"country":"Espa\u00f1a","country_short":"ES"}},"_links":{"self":[{"href":"https:\/\/poble-espanyol.com\/fr\/wp-json\/wp\/v2\/edifici\/113415","targetHints":{"allow":["GET"]}}],"collection":[{"href":"https:\/\/poble-espanyol.com\/fr\/wp-json\/wp\/v2\/edifici"}],"about":[{"href":"https:\/\/poble-espanyol.com\/fr\/wp-json\/wp\/v2\/types\/edifici"}],"author":[{"embeddable":true,"href":"https:\/\/poble-espanyol.com\/fr\/wp-json\/wp\/v2\/users\/7"}],"replies":[{"embeddable":true,"href":"https:\/\/poble-espanyol.com\/fr\/wp-json\/wp\/v2\/comments?post=113415"}],"version-history":[{"count":0,"href":"https:\/\/poble-espanyol.com\/fr\/wp-json\/wp\/v2\/edifici\/113415\/revisions"}],"wp:featuredmedia":[{"embeddable":true,"href":"https:\/\/poble-espanyol.com\/fr\/wp-json\/wp\/v2\/media\/108112"}],"wp:attachment":[{"href":"https:\/\/poble-espanyol.com\/fr\/wp-json\/wp\/v2\/media?parent=113415"}],"wp:term":[{"taxonomy":"categories-edifici-poble","embeddable":true,"href":"https:\/\/poble-espanyol.com\/fr\/wp-json\/wp\/v2\/categories-edifici-poble?post=113415"}],"curies":[{"name":"wp","href":"https:\/\/api.w.org\/{rel}","templated":true}]}}