{"id":113427,"date":"2022-03-15T10:30:14","date_gmt":"2022-03-15T08:30:14","guid":{"rendered":"https:\/\/pe.efimatica.com\/?post_type=edifici&#038;p=113427"},"modified":"2022-03-15T10:32:35","modified_gmt":"2022-03-15T08:32:35","slug":"casa-consistorial","status":"publish","type":"edifici","link":"https:\/\/poble-espanyol.com\/fr\/batiment\/casa-consistorial\/","title":{"rendered":"Casa Consistorial"},"content":{"rendered":"","protected":false},"excerpt":{"rendered":"<p>La Mairie de La Fresneda est un bel exemple d&rsquo;h\u00f4tel de ville typique du Bas-Aragon construit \u00e0 la fin du XVIe si\u00e8cle. Il est compos\u00e9 d&rsquo;\u00e9l\u00e9ments gothiques et Renaissance. En 2002, il a \u00e9t\u00e9 d\u00e9clar\u00e9 bien d&rsquo;int\u00e9r\u00eat culturel.<br \/>\nLa maison comporte trois \u00e9tages avec trois fa\u00e7ades diff\u00e9rentes. La fa\u00e7ade principale est de style Renaissance, tandis que la fa\u00e7ade lat\u00e9rale est de style gothique tardif.<\/p>\n","protected":false},"author":4,"featured_media":108898,"comment_status":"open","ping_status":"closed","template":"","meta":{"_acf_changed":false,"footnotes":""},"categories-edifici-poble":[2984],"class_list":["post-113427","edifici","type-edifici","status-publish","has-post-thumbnail","hentry","categories-edifici-poble-centre-fr"],"acf":{"nom_edifici":"Casa Consistorial de La Fresneda","titol_previ":"Casa Consistorial (La Fresneda, Teruel)","text_introductori":"La Mairie de La Fresneda est un bel exemple d'h\u00f4tel de ville typique du Bas-Aragon construit \u00e0 la fin du XVIe si\u00e8cle. Il est compos\u00e9 d'\u00e9l\u00e9ments gothiques et Renaissance. En 2002, il a \u00e9t\u00e9 d\u00e9clar\u00e9 bien d'int\u00e9r\u00eat culturel.\r\nLa maison comporte trois \u00e9tages avec trois fa\u00e7ades diff\u00e9rentes. La fa\u00e7ade principale est de style Renaissance, tandis que la fa\u00e7ade lat\u00e9rale est de style gothique tardif.\r\n","fotos_adicionals":"","titular_segona_explicacio":"","text_posterior_segona_explicacio":"","text_previ_segona_explicacio":"","text_detall_segona_explicacio":"","seccions_edifici":null,"ubicacio":{"address":"Av. Francesc Ferrer i Gu\u00e0rdia, 13, 08038 Barcelona, Espa\u00f1a","lat":41.36884875838772,"lng":2.146551221812425,"zoom":19,"place_id":"ChIJGRRzs3eipBIR0KMCZO3SDxQ","street_number":13,"street_name":"Avinguda Francesc Ferrer i Gu\u00e0rdia","street_name_short":"Av. Francesc Ferrer i Gu\u00e0rdia","city":"Barcelona","state":"Catalunya","state_short":"CT","post_code":8038,"country":"Espa\u00f1a","country_short":"ES"}},"_links":{"self":[{"href":"https:\/\/poble-espanyol.com\/fr\/wp-json\/wp\/v2\/edifici\/113427","targetHints":{"allow":["GET"]}}],"collection":[{"href":"https:\/\/poble-espanyol.com\/fr\/wp-json\/wp\/v2\/edifici"}],"about":[{"href":"https:\/\/poble-espanyol.com\/fr\/wp-json\/wp\/v2\/types\/edifici"}],"author":[{"embeddable":true,"href":"https:\/\/poble-espanyol.com\/fr\/wp-json\/wp\/v2\/users\/4"}],"replies":[{"embeddable":true,"href":"https:\/\/poble-espanyol.com\/fr\/wp-json\/wp\/v2\/comments?post=113427"}],"version-history":[{"count":0,"href":"https:\/\/poble-espanyol.com\/fr\/wp-json\/wp\/v2\/edifici\/113427\/revisions"}],"wp:featuredmedia":[{"embeddable":true,"href":"https:\/\/poble-espanyol.com\/fr\/wp-json\/wp\/v2\/media\/108898"}],"wp:attachment":[{"href":"https:\/\/poble-espanyol.com\/fr\/wp-json\/wp\/v2\/media?parent=113427"}],"wp:term":[{"taxonomy":"categories-edifici-poble","embeddable":true,"href":"https:\/\/poble-espanyol.com\/fr\/wp-json\/wp\/v2\/categories-edifici-poble?post=113427"}],"curies":[{"name":"wp","href":"https:\/\/api.w.org\/{rel}","templated":true}]}}