{"id":113644,"date":"2022-03-15T12:56:41","date_gmt":"2022-03-15T10:56:41","guid":{"rendered":"https:\/\/pe.efimatica.com\/?post_type=edifici&#038;p=113644"},"modified":"2022-03-15T12:58:48","modified_gmt":"2022-03-15T10:58:48","slug":"casa-de-las-conchas","status":"publish","type":"edifici","link":"https:\/\/poble-espanyol.com\/fr\/batiment\/casa-de-las-conchas\/","title":{"rendered":"Casa de las Conchas"},"content":{"rendered":"","protected":false},"excerpt":{"rendered":"<p>Construite \u00e0 la fin du XVe si\u00e8cle, la Casa de las Conchas est situ\u00e9e dans la partie m\u00e9di\u00e9vale de Borja. Elle fait partie des principaux b\u00e2timents monumentaux en mati\u00e8re d&rsquo;architecture historique. La maison porte ce nom en raison des clous en forme de coquillage plac\u00e9s sur la porte principale.<br \/>\nEn 1978, elle a \u00e9t\u00e9 d\u00e9clar\u00e9e monument historique  et artistique national et, par cons\u00e9quent, la maison a \u00e9t\u00e9 plac\u00e9e sous la protection de l&rsquo;\u00c9tat.<\/p>\n","protected":false},"author":4,"featured_media":109012,"comment_status":"open","ping_status":"closed","template":"","meta":{"_acf_changed":false,"footnotes":""},"categories-edifici-poble":[2988],"class_list":["post-113644","edifici","type-edifici","status-publish","has-post-thumbnail","hentry","categories-edifici-poble-nord-fr"],"acf":{"nom_edifici":"Casa de las Conchas","titol_previ":"Casa de las Conchas (Borja, Zaragoza)","text_introductori":"Construite \u00e0 la fin du XVe si\u00e8cle, la Casa de las Conchas est situ\u00e9e dans la partie m\u00e9di\u00e9vale de Borja. Elle fait partie des principaux b\u00e2timents monumentaux en mati\u00e8re d'architecture historique. La maison porte ce nom en raison des clous en forme de coquillage plac\u00e9s sur la porte principale.\r\nEn 1978, elle a \u00e9t\u00e9 d\u00e9clar\u00e9e monument historique  et artistique national et, par cons\u00e9quent, la maison a \u00e9t\u00e9 plac\u00e9e sous la protection de l'\u00c9tat.\r\n","fotos_adicionals":"","titular_segona_explicacio":"","text_posterior_segona_explicacio":"","text_previ_segona_explicacio":"","text_detall_segona_explicacio":"","seccions_edifici":null,"ubicacio":{"address":"Av. Francesc Ferrer i Gu\u00e0rdia, 13, 08038 Barcelona, Espa\u00f1a","lat":41.369027907911033,"lng":2.1478896441108564,"zoom":19,"place_id":"ChIJBZkZBHeipBIRhiS9JolxpBQ","street_number":13,"street_name":"Avinguda Francesc Ferrer i Gu\u00e0rdia","street_name_short":"Av. Francesc Ferrer i Gu\u00e0rdia","city":"Barcelona","state":"Catalunya","state_short":"CT","post_code":8038,"country":"Espa\u00f1a","country_short":"ES"}},"_links":{"self":[{"href":"https:\/\/poble-espanyol.com\/fr\/wp-json\/wp\/v2\/edifici\/113644","targetHints":{"allow":["GET"]}}],"collection":[{"href":"https:\/\/poble-espanyol.com\/fr\/wp-json\/wp\/v2\/edifici"}],"about":[{"href":"https:\/\/poble-espanyol.com\/fr\/wp-json\/wp\/v2\/types\/edifici"}],"author":[{"embeddable":true,"href":"https:\/\/poble-espanyol.com\/fr\/wp-json\/wp\/v2\/users\/4"}],"replies":[{"embeddable":true,"href":"https:\/\/poble-espanyol.com\/fr\/wp-json\/wp\/v2\/comments?post=113644"}],"version-history":[{"count":0,"href":"https:\/\/poble-espanyol.com\/fr\/wp-json\/wp\/v2\/edifici\/113644\/revisions"}],"wp:featuredmedia":[{"embeddable":true,"href":"https:\/\/poble-espanyol.com\/fr\/wp-json\/wp\/v2\/media\/109012"}],"wp:attachment":[{"href":"https:\/\/poble-espanyol.com\/fr\/wp-json\/wp\/v2\/media?parent=113644"}],"wp:term":[{"taxonomy":"categories-edifici-poble","embeddable":true,"href":"https:\/\/poble-espanyol.com\/fr\/wp-json\/wp\/v2\/categories-edifici-poble?post=113644"}],"curies":[{"name":"wp","href":"https:\/\/api.w.org\/{rel}","templated":true}]}}