{"id":113728,"date":"2022-03-15T13:36:33","date_gmt":"2022-03-15T11:36:33","guid":{"rendered":"https:\/\/pe.efimatica.com\/?post_type=edifici&#038;p=113728"},"modified":"2022-03-15T13:39:27","modified_gmt":"2022-03-15T11:39:27","slug":"mairie-de-graus","status":"publish","type":"edifici","link":"https:\/\/poble-espanyol.com\/fr\/batiment\/mairie-de-graus\/","title":{"rendered":"Mairie de Graus"},"content":{"rendered":"","protected":false},"excerpt":{"rendered":"<p>Graus est une ville de la province de Huesca et la capitale de la comarque de Ribagorza. La ville a \u00e9t\u00e9 d\u00e9clar\u00e9e site historique et artistique en 1975. \u00c0 proximit\u00e9, plus pr\u00e9cis\u00e9ment dans la montagne de Les Forques, on trouve des peuplements datant du pal\u00e9olithique.<br \/>\n\u00c0 l&rsquo;origine, le b\u00e2timent de la Mairie faisait partie de l&rsquo;ancien site de la famille Bardax\u00ed, mais \u00e0 la fin du XVIe si\u00e8cle, il a \u00e9t\u00e9 reconstruit et consacr\u00e9 \u00e0 sa fonction actuelle.<\/p>\n","protected":false},"author":4,"featured_media":109104,"comment_status":"open","ping_status":"closed","template":"","meta":{"_acf_changed":false,"footnotes":""},"categories-edifici-poble":[2988],"class_list":["post-113728","edifici","type-edifici","status-publish","has-post-thumbnail","hentry","categories-edifici-poble-nord-fr"],"acf":{"nom_edifici":"Mairie de Graus","titol_previ":"Mairie de Graus (Huesca, Arag\u00f3n)","text_introductori":"Graus est une ville de la province de Huesca et la capitale de la comarque de Ribagorza. La ville a \u00e9t\u00e9 d\u00e9clar\u00e9e site historique et artistique en 1975. \u00c0 proximit\u00e9, plus pr\u00e9cis\u00e9ment dans la montagne de Les Forques, on trouve des peuplements datant du pal\u00e9olithique.\r\n\u00c0 l'origine, le b\u00e2timent de la Mairie faisait partie de l'ancien site de la famille Bardax\u00ed, mais \u00e0 la fin du XVIe si\u00e8cle, il a \u00e9t\u00e9 reconstruit et consacr\u00e9 \u00e0 sa fonction actuelle.\r\n\r\n","fotos_adicionals":"","titular_segona_explicacio":"","text_posterior_segona_explicacio":"","text_previ_segona_explicacio":"","text_detall_segona_explicacio":"","seccions_edifici":null,"ubicacio":{"address":"Av. Francesc Ferrer i Gu\u00e0rdia, 13, 08038 Barcelona, Espa\u00f1a","lat":41.368925249255767,"lng":2.1469857396728376,"zoom":19,"place_id":"ChIJhYVZqXeipBIRBSzv2hUOj-4","street_number":13,"street_name":"Avinguda Francesc Ferrer i Gu\u00e0rdia","street_name_short":"Av. Francesc Ferrer i Gu\u00e0rdia","city":"Barcelona","state":"Catalunya","state_short":"CT","post_code":8038,"country":"Espa\u00f1a","country_short":"ES"}},"_links":{"self":[{"href":"https:\/\/poble-espanyol.com\/fr\/wp-json\/wp\/v2\/edifici\/113728","targetHints":{"allow":["GET"]}}],"collection":[{"href":"https:\/\/poble-espanyol.com\/fr\/wp-json\/wp\/v2\/edifici"}],"about":[{"href":"https:\/\/poble-espanyol.com\/fr\/wp-json\/wp\/v2\/types\/edifici"}],"author":[{"embeddable":true,"href":"https:\/\/poble-espanyol.com\/fr\/wp-json\/wp\/v2\/users\/4"}],"replies":[{"embeddable":true,"href":"https:\/\/poble-espanyol.com\/fr\/wp-json\/wp\/v2\/comments?post=113728"}],"version-history":[{"count":0,"href":"https:\/\/poble-espanyol.com\/fr\/wp-json\/wp\/v2\/edifici\/113728\/revisions"}],"wp:featuredmedia":[{"embeddable":true,"href":"https:\/\/poble-espanyol.com\/fr\/wp-json\/wp\/v2\/media\/109104"}],"wp:attachment":[{"href":"https:\/\/poble-espanyol.com\/fr\/wp-json\/wp\/v2\/media?parent=113728"}],"wp:term":[{"taxonomy":"categories-edifici-poble","embeddable":true,"href":"https:\/\/poble-espanyol.com\/fr\/wp-json\/wp\/v2\/categories-edifici-poble?post=113728"}],"curies":[{"name":"wp","href":"https:\/\/api.w.org\/{rel}","templated":true}]}}