{"id":113843,"date":"2022-03-15T14:36:51","date_gmt":"2022-03-15T12:36:51","guid":{"rendered":"https:\/\/pe.efimatica.com\/?post_type=edifici&#038;p=113843"},"modified":"2022-03-15T14:39:32","modified_gmt":"2022-03-15T12:39:32","slug":"casa-de-los-balbs","status":"publish","type":"edifici","link":"https:\/\/poble-espanyol.com\/fr\/batiment\/casa-de-los-balbs\/","title":{"rendered":"Casa de los Balbs"},"content":{"rendered":"","protected":false},"excerpt":{"rendered":"<p>La Casa de los Balbs est un b\u00e2timent de Santa Pau (Garrotxa) inscrit \u00e0 l&rsquo;Inventaire du patrimoine architectural de Catalogne.<br \/>\nCe b\u00e2timent rectangulaire poss\u00e8de un toit \u00e0 pignon. Les \u00e9l\u00e9ments les plus remarquables sont l&rsquo;encadrement du balcon et la fen\u00eatre du presbyt\u00e8re, dans un style gothique tr\u00e8s simple avec les armoiries des Balbs.<br \/>\nLes membres de la famille Balbs ont \u00e9t\u00e9 pendant de nombreuses ann\u00e9es les procureurs des barons, c&rsquo;est pourquoi la maison est situ\u00e9e \u00e0 c\u00f4t\u00e9 du ch\u00e2teau.<\/p>\n","protected":false},"author":4,"featured_media":109264,"comment_status":"open","ping_status":"closed","template":"","meta":{"_acf_changed":false,"footnotes":""},"categories-edifici-poble":[2986],"class_list":["post-113843","edifici","type-edifici","status-publish","has-post-thumbnail","hentry","categories-edifici-poble-mediterranee"],"acf":{"nom_edifici":"Casa de los Balbs","titol_previ":"Casa de los Balbs (Sant Pau, Girona)","text_introductori":"La Casa de los Balbs est un b\u00e2timent de Santa Pau (Garrotxa) inscrit \u00e0 l'Inventaire du patrimoine architectural de Catalogne.\r\nCe b\u00e2timent rectangulaire poss\u00e8de un toit \u00e0 pignon. Les \u00e9l\u00e9ments les plus remarquables sont l'encadrement du balcon et la fen\u00eatre du presbyt\u00e8re, dans un style gothique tr\u00e8s simple avec les armoiries des Balbs.\r\nLes membres de la famille Balbs ont \u00e9t\u00e9 pendant de nombreuses ann\u00e9es les procureurs des barons, c'est pourquoi la maison est situ\u00e9e \u00e0 c\u00f4t\u00e9 du ch\u00e2teau.\r\n","fotos_adicionals":"","titular_segona_explicacio":"","text_posterior_segona_explicacio":"","text_previ_segona_explicacio":"","text_detall_segona_explicacio":"","seccions_edifici":null,"ubicacio":{"address":"Av. Francesc Ferrer i Gu\u00e0rdia, 13-75, 08038 Barcelona, Espa\u00f1a","lat":41.369052062865201,"lng":2.1491958799011091,"zoom":19,"place_id":"ChIJr4xyL3eipBIRzJLgleNwt4E","street_number":"13-75","street_name":"Avinguda Francesc Ferrer i Gu\u00e0rdia","street_name_short":"Av. Francesc Ferrer i Gu\u00e0rdia","city":"Barcelona","state":"Catalunya","state_short":"CT","post_code":8038,"country":"Espa\u00f1a","country_short":"ES"}},"_links":{"self":[{"href":"https:\/\/poble-espanyol.com\/fr\/wp-json\/wp\/v2\/edifici\/113843","targetHints":{"allow":["GET"]}}],"collection":[{"href":"https:\/\/poble-espanyol.com\/fr\/wp-json\/wp\/v2\/edifici"}],"about":[{"href":"https:\/\/poble-espanyol.com\/fr\/wp-json\/wp\/v2\/types\/edifici"}],"author":[{"embeddable":true,"href":"https:\/\/poble-espanyol.com\/fr\/wp-json\/wp\/v2\/users\/4"}],"replies":[{"embeddable":true,"href":"https:\/\/poble-espanyol.com\/fr\/wp-json\/wp\/v2\/comments?post=113843"}],"version-history":[{"count":0,"href":"https:\/\/poble-espanyol.com\/fr\/wp-json\/wp\/v2\/edifici\/113843\/revisions"}],"wp:featuredmedia":[{"embeddable":true,"href":"https:\/\/poble-espanyol.com\/fr\/wp-json\/wp\/v2\/media\/109264"}],"wp:attachment":[{"href":"https:\/\/poble-espanyol.com\/fr\/wp-json\/wp\/v2\/media?parent=113843"}],"wp:term":[{"taxonomy":"categories-edifici-poble","embeddable":true,"href":"https:\/\/poble-espanyol.com\/fr\/wp-json\/wp\/v2\/categories-edifici-poble?post=113843"}],"curies":[{"name":"wp","href":"https:\/\/api.w.org\/{rel}","templated":true}]}}