{"id":113898,"date":"2022-03-15T14:54:28","date_gmt":"2022-03-15T12:54:28","guid":{"rendered":"https:\/\/pe.efimatica.com\/?post_type=edifici&#038;p=113898"},"modified":"2022-03-15T14:56:44","modified_gmt":"2022-03-15T12:56:44","slug":"casa-jassa","status":"publish","type":"edifici","link":"https:\/\/poble-espanyol.com\/fr\/batiment\/casa-jassa\/","title":{"rendered":"Casa Jassa"},"content":{"rendered":"","protected":false},"excerpt":{"rendered":"<p>La casa de Teresa Jass\u00e0 esta situada en un terreno del antiguo Molino de la Vila de Calaceite.<br \/>\nTeresa adquiri\u00f3 esta casa en 1960 para abrir su taller, era ceramista y escritora. Se la conoc\u00eda por su cer\u00e1mica y las iniciativas culturales.<br \/>\nEn el Poble se reproduce la celos\u00eda de madera a la altura de un primer piso y un balc\u00f3n de madera en el segundo. <\/p>\n","protected":false},"author":7,"featured_media":108881,"comment_status":"open","ping_status":"closed","template":"","meta":{"_acf_changed":false,"footnotes":""},"categories-edifici-poble":[2988],"class_list":["post-113898","edifici","type-edifici","status-publish","has-post-thumbnail","hentry","categories-edifici-poble-nord-fr"],"acf":{"nom_edifici":"Casa Jassa","titol_previ":"Casa Jassa (Calaceite, Teruel)","text_introductori":"\r\nLa Casa de Teresa Jass\u00e0 est situ\u00e9e sur le terrain de l'ancien moulin de Calaceite.\r\nTeresa a rachet\u00e9 cette maison en 1960 pour y ouvrir son atelier de c\u00e9ramiste et \u00e9crire. Elle \u00e9tait connue pour ses c\u00e9ramiques et ses initiatives culturelles.\r\nDans le Poble, on peut observer la r\u00e9plique du treillis en bois au niveau du premier \u00e9tage et un balcon en bois au deuxi\u00e8me \u00e9tage.\r\n\r\n\r\n","fotos_adicionals":"","titular_segona_explicacio":"","text_posterior_segona_explicacio":"","text_previ_segona_explicacio":"","text_detall_segona_explicacio":"","seccions_edifici":null,"ubicacio":{"address":"Poble Espanyol, Av. Francesc Ferrer i Gu\u00e0rdia, 13, 08038 Barcelona, Espa\u00f1a","lat":41.369114463122095,"lng":2.1477153005248883,"zoom":19,"place_id":"ChIJ1yWUBneipBIRGGIIzyT-6-c","street_number":13,"street_name":"Avinguda Francesc Ferrer i Gu\u00e0rdia","street_name_short":"Av. Francesc Ferrer i Gu\u00e0rdia","city":"Barcelona","state":"Catalunya","state_short":"CT","post_code":8038,"country":"Espa\u00f1a","country_short":"ES"}},"_links":{"self":[{"href":"https:\/\/poble-espanyol.com\/fr\/wp-json\/wp\/v2\/edifici\/113898","targetHints":{"allow":["GET"]}}],"collection":[{"href":"https:\/\/poble-espanyol.com\/fr\/wp-json\/wp\/v2\/edifici"}],"about":[{"href":"https:\/\/poble-espanyol.com\/fr\/wp-json\/wp\/v2\/types\/edifici"}],"author":[{"embeddable":true,"href":"https:\/\/poble-espanyol.com\/fr\/wp-json\/wp\/v2\/users\/7"}],"replies":[{"embeddable":true,"href":"https:\/\/poble-espanyol.com\/fr\/wp-json\/wp\/v2\/comments?post=113898"}],"version-history":[{"count":0,"href":"https:\/\/poble-espanyol.com\/fr\/wp-json\/wp\/v2\/edifici\/113898\/revisions"}],"wp:featuredmedia":[{"embeddable":true,"href":"https:\/\/poble-espanyol.com\/fr\/wp-json\/wp\/v2\/media\/108881"}],"wp:attachment":[{"href":"https:\/\/poble-espanyol.com\/fr\/wp-json\/wp\/v2\/media?parent=113898"}],"wp:term":[{"taxonomy":"categories-edifici-poble","embeddable":true,"href":"https:\/\/poble-espanyol.com\/fr\/wp-json\/wp\/v2\/categories-edifici-poble?post=113898"}],"curies":[{"name":"wp","href":"https:\/\/api.w.org\/{rel}","templated":true}]}}