{"id":111998,"date":"2022-03-08T17:42:56","date_gmt":"2022-03-08T15:42:56","guid":{"rendered":"https:\/\/pe.efimatica.com\/?post_type=exposicio&#038;p=111998"},"modified":"2022-03-24T16:43:19","modified_gmt":"2022-03-24T14:43:19","slug":"exposition-de-sculptures","status":"publish","type":"exposicio","link":"https:\/\/poble-espanyol.com\/fr\/exposition\/exposition-de-sculptures\/","title":{"rendered":"Exposition de sculptures"},"content":{"rendered":"","protected":false},"excerpt":{"rendered":"<p>En fl\u00e2nant dans ce jardin, vous d\u00e9couvrirez 36 sculptures de grande taille r\u00e9alis\u00e9es par 27 artistes diff\u00e9rents, diss\u00e9min\u00e9es dans 3000 m 2 peupl\u00e9s d\u2019arbres, de fleurs et d\u2019\u0153uvres d\u2019art contemporain.<br \/>\n\u00c0 la fin de la promenade, vous pourrez visiter le point de vue situ\u00e9 au bout du jardin, d&rsquo;o\u00f9 vous pourrez profiter d&rsquo;une perspective unique sur la ville de Barcelone.<\/p>\n","protected":false},"author":7,"featured_media":107172,"comment_status":"closed","ping_status":"closed","template":"","meta":{"_acf_changed":false,"footnotes":""},"class_list":["post-111998","exposicio","type-exposicio","status-publish","has-post-thumbnail","hentry"],"acf":{"url_comprar_entrades":"","nom_exposicio":"Une collection de sculptures dans un cadre naturel","titol_previ":"PLUS DE 30 PI\u00c8CES","text_introductori":"En fl\u00e2nant dans ce jardin, vous d\u00e9couvrirez 36 sculptures de grande taille r\u00e9alis\u00e9es par 27 artistes diff\u00e9rents, diss\u00e9min\u00e9es dans 3000 m2 peupl\u00e9s d\u2019arbres, de fleurs et d\u2019\u0153uvres d\u2019art contemporain.\r\n\u00c0 la fin de la promenade, vous pourrez visiter le point de vue situ\u00e9 au bout du jardin, d'o\u00f9 vous pourrez profiter d'une perspective unique sur la ville de Barcelone.","dates_exposicio":[{"dia":"Du lundi au dimanche de 10h \u00e0 20h."}],"dates_disponibles":"Tous les jours","ubicacio":"Jardin de sculptures","preu":null,"preu_destacat":"Inclus dans le billet","data_destacada_textual":"Tous les jours","contingut_recomanat":"Inclus dans l'admission g\u00e9n\u00e9rale tous les jours du lundi au dimanche de 10h \u00e0 20h. ","categoria_slider":[],"titular_segona_explicacio":"VOULEZ-VOUS ACHEVER VOTRE PROMENADE PAR UN ESPACE NATUREL ET RELAXANT ?","text_posterior_segona_explicacio":"Alors vous serez s\u00e9duit par le Jardin des sculptures, la cerise sur le g\u00e2teau pour ce parcours original \u00e0 travers l\u2019art contemporain \u00e0 Barcelone. Cet espace particulier inaugur\u00e9 en 2004 appartient \u00e9galement au mus\u00e9e Fran Daurel.","text_previ_segona_explicacio":"UNE EXPOSITION EN PLEIN AIR\r\n","text_detall_segona_explicacio":"En vous promenant dans ce jardin, vous d\u00e9couvrirez 36 grandes sculptures r\u00e9alis\u00e9es par 27 artistes diff\u00e9rents. 3 000 m2 parsem\u00e9s d'arbres, de fleurs et d'\u0153uvres d'art contemporain.\r\nTout pr\u00e8s du monast\u00e8re de Sant Miquel, vous trouverez cet espace o\u00f9 nature et art se m\u00ealent harmonieusement gr\u00e2ce \u00e0 la pr\u00e9sence de diff\u00e9rentes sculptures d'artistes espagnols du XXe si\u00e8cle.\r\n","seccions_exposicio":null,"titol_previ_exposicions":"Art contemporain","titol_exposicions":"D\u00e9couvrez d'autres expositions","exposicions_relacionades":{"manual":""}},"_links":{"self":[{"href":"https:\/\/poble-espanyol.com\/fr\/wp-json\/wp\/v2\/exposicio\/111998","targetHints":{"allow":["GET"]}}],"collection":[{"href":"https:\/\/poble-espanyol.com\/fr\/wp-json\/wp\/v2\/exposicio"}],"about":[{"href":"https:\/\/poble-espanyol.com\/fr\/wp-json\/wp\/v2\/types\/exposicio"}],"author":[{"embeddable":true,"href":"https:\/\/poble-espanyol.com\/fr\/wp-json\/wp\/v2\/users\/7"}],"replies":[{"embeddable":true,"href":"https:\/\/poble-espanyol.com\/fr\/wp-json\/wp\/v2\/comments?post=111998"}],"version-history":[{"count":0,"href":"https:\/\/poble-espanyol.com\/fr\/wp-json\/wp\/v2\/exposicio\/111998\/revisions"}],"wp:featuredmedia":[{"embeddable":true,"href":"https:\/\/poble-espanyol.com\/fr\/wp-json\/wp\/v2\/media\/107172"}],"wp:attachment":[{"href":"https:\/\/poble-espanyol.com\/fr\/wp-json\/wp\/v2\/media?parent=111998"}],"curies":[{"name":"wp","href":"https:\/\/api.w.org\/{rel}","templated":true}]}}