{"id":112254,"date":"2022-03-09T13:04:10","date_gmt":"2022-03-09T11:04:10","guid":{"rendered":"https:\/\/pe.efimatica.com\/?post_type=exposicio&#038;p=112254"},"modified":"2023-06-01T17:08:02","modified_gmt":"2023-06-01T15:08:02","slug":"un-voyage-photographique","status":"publish","type":"exposicio","link":"https:\/\/poble-espanyol.com\/fr\/exposition\/un-voyage-photographique\/","title":{"rendered":"Un voyage photographique"},"content":{"rendered":"","protected":false},"excerpt":{"rendered":"<p>Ne manquez pas l&rsquo;exposition \u00ab Un voyage photographique. La construction du Poble Espanyol \u00bb, qui plonge dans les origines et le processus de construction du site. Examinez les exp\u00e9ditions entreprises entre 1927 et 1928 par les architectes Ram\u00f3n Revent\u00f3s et Francesc Folguera, le dessinateur Xavier Nogu\u00e9s et le peintre Miquel Utrillo, dans le but de recueillir des informations pour transformer le projet en une r\u00e9alit\u00e9 qui allait \u00eatre renvers\u00e9e.<\/p>\n","protected":false},"author":7,"featured_media":112240,"comment_status":"closed","ping_status":"closed","template":"","meta":{"_acf_changed":false,"footnotes":""},"class_list":["post-112254","exposicio","type-exposicio","status-publish","has-post-thumbnail","hentry"],"acf":{"url_comprar_entrades":"","nom_exposicio":"Le processus de cr\u00e9ation d\u2019un site embl\u00e9matique \u00e0 Barcelone","titol_previ":"UN VOYAGE PHOTOGRAPHIQUE. LA CONSTRUCTION DU POBLE ESPANYOL","text_introductori":"Ne manquez pas l'exposition \u00ab Un voyage photographique. La construction du Poble Espanyol \u00bb, qui plonge dans les origines et le processus de construction du site. Examinez les exp\u00e9ditions entreprises entre 1927 et 1928 par les architectes Ram\u00f3n Revent\u00f3s et Francesc Folguera, le dessinateur Xavier Nogu\u00e9s et le peintre Miquel Utrillo, dans le but de recueillir des informations pour transformer le projet en une r\u00e9alit\u00e9 qui allait \u00eatre renvers\u00e9e.\r\n","dates_exposicio":[{"dia":"Heures d'ouverture : de 10h \u00e0 20h"},{"dia":"Exposition ferm\u00e9e du 12 au 20 juin"},{"dia":""}],"dates_disponibles":"Tous les jours","ubicacio":"Salle noble de la mairie de Valderrobres","preu":null,"preu_destacat":"Inclus dans le billet","data_destacada_textual":"Tous les jours","contingut_recomanat":"Compris dans l'entr\u00e9e g\u00e9n\u00e9rale tous les jours du lundi au dimanche de 10h \u00e0 20h.","categoria_slider":[],"titular_segona_explicacio":"AIMERIEZ-VOUS D\u00c9COUVRIR L\u2019INSPIRATION, LA CR\u00c9ATION ET LA CONSTRUCTION DU POBLE ?","text_posterior_segona_explicacio":"D\u00e9couvrez l'histoire du Poble \u00e0 travers une collection de photographies, de lettres et de dessins qui ont servi \u00e0 mener \u00e0 bien la difficile t\u00e2che consistant \u00e0 choisir les b\u00e2timents dont les r\u00e9pliques permettraient de recr\u00e9er la v\u00e9ritable tradition architecturale des villages d'Espagne.","text_previ_segona_explicacio":"LE MUS\u00c9E","text_detall_segona_explicacio":"La Mairie de la Grand-place du Poble abrite cette exposition. Elle vous permettra de d\u00e9couvrir une vision tr\u00e8s particuli\u00e8re, \u00e0 la fois technique, traditionnelle et attachante du processus d'inspiration et de construction qui a d\u00e9fini de mani\u00e8re ind\u00e9niable les caract\u00e9ristiques du patrimoine architectural que vous pouvez encore voir aujourd'hui en vous promenant sur le site.\r\n\r\n\u00ab Un voyage photographique. La construction du Poble Espanyol \u00bb retrace un travail photographique m\u00e9ticuleux et historique qui a \u00e9t\u00e9 essentiel pour la conception de ce site embl\u00e9matique de Barcelone. Un site monumental, o\u00f9 l'histoire c\u00f4toie la culture et les loisirs, gr\u00e2ce \u00e0 sa structure et \u00e0 ses caract\u00e9ristiques architecturales.\r\n\r\n","seccions_exposicio":[{"titular_seccio":"Qu'est-ce que le Poble Espanyol?","entrada":{"titular_detall":"","text_detall":"Il est possible de se d\u00e9placer \u00e0 pied et de passer en quelques minutes de Cordoba \u00e0 Besal\u00fa ou de Cangas de On\u00eds \u00e0 Medinaceli en passant par Majorque, Saint-Jacques-de-Compostelle, C\u00e1ceres et bien d'autres coins de la p\u00e9ninsule ib\u00e9rique pour d\u00e9couvrir l'architecture espagnole populaire d'un point de vue diff\u00e9rent. C'est la magie du Poble Espanyol.\r\n\r\nLe n\u00f4tre est un village construit au sommet d'une montagne, Montjuic. Et c'est exactement cela : un village. Avec sa place principale et d'autres places secondaires, avec des rues compos\u00e9es de maisons traditionnelles de diff\u00e9rents styles d'architecture espagnole : roman, gothique, mud\u00e9jar, Renaissance, baroque... Et aussi des jardins, des fontaines, des murs... et m\u00eame un monast\u00e8re et un mus\u00e9e !","imatge_detall":103940,"text_enllac_detall":"","url_enllac_detall":""}}],"titol_previ_exposicions":"","titol_exposicions":"","exposicions_relacionades":{"manual":""}},"_links":{"self":[{"href":"https:\/\/poble-espanyol.com\/fr\/wp-json\/wp\/v2\/exposicio\/112254","targetHints":{"allow":["GET"]}}],"collection":[{"href":"https:\/\/poble-espanyol.com\/fr\/wp-json\/wp\/v2\/exposicio"}],"about":[{"href":"https:\/\/poble-espanyol.com\/fr\/wp-json\/wp\/v2\/types\/exposicio"}],"author":[{"embeddable":true,"href":"https:\/\/poble-espanyol.com\/fr\/wp-json\/wp\/v2\/users\/7"}],"replies":[{"embeddable":true,"href":"https:\/\/poble-espanyol.com\/fr\/wp-json\/wp\/v2\/comments?post=112254"}],"version-history":[{"count":1,"href":"https:\/\/poble-espanyol.com\/fr\/wp-json\/wp\/v2\/exposicio\/112254\/revisions"}],"predecessor-version":[{"id":246294,"href":"https:\/\/poble-espanyol.com\/fr\/wp-json\/wp\/v2\/exposicio\/112254\/revisions\/246294"}],"wp:featuredmedia":[{"embeddable":true,"href":"https:\/\/poble-espanyol.com\/fr\/wp-json\/wp\/v2\/media\/112240"}],"wp:attachment":[{"href":"https:\/\/poble-espanyol.com\/fr\/wp-json\/wp\/v2\/media?parent=112254"}],"curies":[{"name":"wp","href":"https:\/\/api.w.org\/{rel}","templated":true}]}}