{"id":112262,"date":"2022-03-09T13:20:30","date_gmt":"2022-03-09T11:20:30","guid":{"rendered":"https:\/\/pe.efimatica.com\/?post_type=exposicio&#038;p=112262"},"modified":"2022-03-09T13:27:20","modified_gmt":"2022-03-09T11:27:20","slug":"sculpture-de-grand-format","status":"publish","type":"exposicio","link":"https:\/\/poble-espanyol.com\/fr\/exposition\/sculpture-de-grand-format\/","title":{"rendered":"Sculpture de grand format"},"content":{"rendered":"","protected":false},"excerpt":{"rendered":"<p>Surprenant et polyvalent. L\u2019espace Guinovart est ainsi, un \u00e9difice circulaire pr\u00e9sid\u00e9 par une sculpture g\u00e9ante du c\u00e9l\u00e8bre artiste Josep Guinovart. Il se compose de diff\u00e9rents \u00e9tages avec de la lumi\u00e8re naturelle qui rentre depuis une grande lucarne. C\u2019est un espace fantastique pour des ap\u00e9ritifs, cocktails et expositions.<\/p>\n","protected":false},"author":7,"featured_media":112013,"comment_status":"closed","ping_status":"closed","template":"","meta":{"_acf_changed":false,"footnotes":""},"class_list":["post-112262","exposicio","type-exposicio","status-publish","has-post-thumbnail","hentry"],"acf":{"url_comprar_entrades":"","nom_exposicio":"Une for\u00eat devenue sculpture","titol_previ":"Une \u0153uvre de Josep Guinovart","text_introductori":"Surprenant et polyvalent. L\u2019espace Guinovart est ainsi, un \u00e9difice circulaire pr\u00e9sid\u00e9 par une sculpture g\u00e9ante du c\u00e9l\u00e8bre artiste Josep Guinovart. Il se compose de diff\u00e9rents \u00e9tages avec de la lumi\u00e8re naturelle qui rentre depuis une grande lucarne. C\u2019est un espace fantastique pour des ap\u00e9ritifs, cocktails et expositions.","dates_exposicio":[{"dia":"Du lundi au dimanche de 10h \u00e0 20h."}],"dates_disponibles":"<p>Tous les jours<\/p>","ubicacio":"Guinovart","preu":null,"preu_destacat":"Inclus dans le billet","data_destacada_textual":"Tous les jours","contingut_recomanat":"Compris dans l'entr\u00e9e g\u00e9n\u00e9rale tous les jours du lundi au dimanche de 10h \u00e0 20h.","categoria_slider":[],"titular_segona_explicacio":"Espace d\u00e9di\u00e9 \u00e0 l'une des grandes \u0153uvres sculpturales de l'artiste Josep Guinovart.","text_posterior_segona_explicacio":"Cet espace magique et impressionnant, qui sert parfois de salles d\u2019exposition pour les expositions temporaires, est consacr\u00e9 \u00e0 l\u2019une des grandes \u0153uvres de sculptures de l\u2019artiste Josep Guinovart (1927-2007), l\u2019un des plus grands repr\u00e9sentants du courant de l\u2019art informel.","text_previ_segona_explicacio":"L'\u0152UVRE","text_detall_segona_explicacio":"Il s\u2019agit de l\u2019\u0153uvre Contorn-Entorn, qui a \u00e9t\u00e9 pr\u00e9sent\u00e9e \u00e0 la Galer\u00eda Maeght de Barcelone en 1976, et qui a \u00e9t\u00e9 d\u00e9plac\u00e9e par la suite au Mus\u00e9e d\u2019Art Moderne de Barcelone et est arriv\u00e9e au Poble au d\u00e9but du XIIe si\u00e8de, o\u00f9 elle a trouv\u00e9 son emplacement id\u00e9al pour \u00eatre expos\u00e9e.\r\nLes mots suivants appartiennent au critique d\u2019art Josep Corredor-Matheos se r\u00e9f\u00e9rant \u00e0 l\u2019\u0153uvre de sculpture Contorn-Entorn: \u00ab Dans son \u0153uvre, Josep Guinovart parvient \u00e0 l\u2019une des principales aspirations de l\u2019art contemporain : int\u00e9grer \u00e0 nouveau l\u2019art \u00e0 la r\u00e9alit\u00e9 \u00bb.\r\n","seccions_exposicio":[{"titular_seccio":"Josep Guinovart","entrada":{"titular_detall":"\"J'essaie de vivre la gravure de l'int\u00e9rieur, \u00e0 partir de la mati\u00e8re, avec un dialogue coh\u00e9rent dans son langage. La gravure, c'est le grattage, l'expression, le d\u00e9sir, la surprise, toujours dans l'attente du dernier mot, qui sera donn\u00e9 par la presse\".","text_detall":"Josep Guinovart (1927-2007) a laiss\u00e9 son empreinte dans de nombreux domaines d\u00e9passant le cadre purement pictural : dans le monde du th\u00e9\u00e2tre, de l'architecture, de la tapisserie, de la sculpture, de l'illustration, et bien d'autres encore. \r\nLa famille de son p\u00e8re \u00e9tait originaire de Tarragone et celle de sa m\u00e8re d'Agramuntina. Cette dualit\u00e9 g\u00e9ographique se refl\u00e8te constamment dans l'\u0153uvre de l'artiste : les bleus infinis de la M\u00e9diterran\u00e9e et les ocres chauds d'Urgell.\r\nIl a laiss\u00e9 un h\u00e9ritage tr\u00e8s important d'\u0153uvres qui peuvent \u00eatre vues dans les mus\u00e9es et les centres d'art du monde entier.\r\n","imatge_detall":112020,"text_enllac_detall":"","url_enllac_detall":""}}],"titol_previ_exposicions":"NE LES MANQUEZ PAS","titol_exposicions":" Expositions connexes","exposicions_relacionades":{"manual":""}},"_links":{"self":[{"href":"https:\/\/poble-espanyol.com\/fr\/wp-json\/wp\/v2\/exposicio\/112262","targetHints":{"allow":["GET"]}}],"collection":[{"href":"https:\/\/poble-espanyol.com\/fr\/wp-json\/wp\/v2\/exposicio"}],"about":[{"href":"https:\/\/poble-espanyol.com\/fr\/wp-json\/wp\/v2\/types\/exposicio"}],"author":[{"embeddable":true,"href":"https:\/\/poble-espanyol.com\/fr\/wp-json\/wp\/v2\/users\/7"}],"replies":[{"embeddable":true,"href":"https:\/\/poble-espanyol.com\/fr\/wp-json\/wp\/v2\/comments?post=112262"}],"version-history":[{"count":0,"href":"https:\/\/poble-espanyol.com\/fr\/wp-json\/wp\/v2\/exposicio\/112262\/revisions"}],"wp:featuredmedia":[{"embeddable":true,"href":"https:\/\/poble-espanyol.com\/fr\/wp-json\/wp\/v2\/media\/112013"}],"wp:attachment":[{"href":"https:\/\/poble-espanyol.com\/fr\/wp-json\/wp\/v2\/media?parent=112262"}],"curies":[{"name":"wp","href":"https:\/\/api.w.org\/{rel}","templated":true}]}}