{"id":258012,"date":"2025-07-01T09:37:29","date_gmt":"2025-07-01T07:37:29","guid":{"rendered":"https:\/\/poble-espanyol.com\/edificio\/casa-del-sol\/"},"modified":"2025-07-03T08:26:53","modified_gmt":"2025-07-03T06:26:53","slug":"casa-del-sol","status":"publish","type":"edifici","link":"https:\/\/poble-espanyol.com\/it\/edificio\/casa-del-sol\/","title":{"rendered":"Casa del Sol"},"content":{"rendered":"","protected":false},"excerpt":{"rendered":"<p>La Casa del Sol o Casa de los Sol\u00eds \u00e8 uno degli edifici pi\u00f9 notevoli del centro storico della citt\u00e0 di C\u00e1ceres. La casa \u00e8 in stile gotico, costruita nel XV secolo e ristrutturata nel XVI secolo.<br \/>\nSulla facciata spicca lo stemma della famiglia, un sole dal volto umano da cui partono 16 raggi.<br \/>\nOggi ospita un importante archivio con documenti provenienti dalle Americhe e dalle Filippine.  <\/p>\n","protected":false},"author":7,"featured_media":109263,"comment_status":"open","ping_status":"closed","template":"","meta":{"_acf_changed":false,"footnotes":""},"categories-edifici-poble":[15505],"class_list":["post-258012","edifici","type-edifici","status-publish","has-post-thumbnail","hentry","categories-edifici-poble-centro-it"],"acf":{"nom_edifici":"Casa del Sol","titol_previ":"Casa del Sol (C\u00e1ceres, C\u00e1ceres)","text_introductori":"La Casa del Sol o Casa de los Sol\u00eds \u00e8 uno degli edifici pi\u00f9 notevoli del centro storico della citt\u00e0 di C\u00e1ceres. La casa \u00e8 in stile gotico, costruita nel XV secolo e ristrutturata nel XVI secolo.\r\nSulla facciata spicca lo stemma della famiglia, un sole dal volto umano da cui partono 16 raggi.\r\nOggi ospita un importante archivio con documenti provenienti dalle Americhe e dalle Filippine.","fotos_adicionals":"","titular_segona_explicacio":"","text_posterior_segona_explicacio":"","text_previ_segona_explicacio":"","text_detall_segona_explicacio":"","seccions_edifici":null,"ubicacio":{"address":"Av. Francesc Ferrer i Gu\u00e0rdia, 13, 08038 Barcelona, Espa\u00f1a","lat":41.368997714205868,"lng":2.1465860905296186,"zoom":19,"place_id":"ChIJtZ4NtHeipBIRIOs-BhCX0tQ","street_number":13,"street_name":"Avinguda Francesc Ferrer i Gu\u00e0rdia","street_name_short":"Av. Francesc Ferrer i Gu\u00e0rdia","city":"Barcelona","state":"Catalunya","state_short":"CT","post_code":8038,"country":"Espa\u00f1a","country_short":"ES"}},"_links":{"self":[{"href":"https:\/\/poble-espanyol.com\/it\/wp-json\/wp\/v2\/edifici\/258012","targetHints":{"allow":["GET"]}}],"collection":[{"href":"https:\/\/poble-espanyol.com\/it\/wp-json\/wp\/v2\/edifici"}],"about":[{"href":"https:\/\/poble-espanyol.com\/it\/wp-json\/wp\/v2\/types\/edifici"}],"author":[{"embeddable":true,"href":"https:\/\/poble-espanyol.com\/it\/wp-json\/wp\/v2\/users\/7"}],"replies":[{"embeddable":true,"href":"https:\/\/poble-espanyol.com\/it\/wp-json\/wp\/v2\/comments?post=258012"}],"version-history":[{"count":2,"href":"https:\/\/poble-espanyol.com\/it\/wp-json\/wp\/v2\/edifici\/258012\/revisions"}],"predecessor-version":[{"id":258480,"href":"https:\/\/poble-espanyol.com\/it\/wp-json\/wp\/v2\/edifici\/258012\/revisions\/258480"}],"wp:featuredmedia":[{"embeddable":true,"href":"https:\/\/poble-espanyol.com\/it\/wp-json\/wp\/v2\/media\/109263"}],"wp:attachment":[{"href":"https:\/\/poble-espanyol.com\/it\/wp-json\/wp\/v2\/media?parent=258012"}],"wp:term":[{"taxonomy":"categories-edifici-poble","embeddable":true,"href":"https:\/\/poble-espanyol.com\/it\/wp-json\/wp\/v2\/categories-edifici-poble?post=258012"}],"curies":[{"name":"wp","href":"https:\/\/api.w.org\/{rel}","templated":true}]}}