{"id":258072,"date":"2025-07-01T10:00:30","date_gmt":"2025-07-01T08:00:30","guid":{"rendered":"https:\/\/poble-espanyol.com\/edificio\/hospital-de-santa-magdalena\/"},"modified":"2025-07-03T08:48:25","modified_gmt":"2025-07-03T06:48:25","slug":"hospital-de-santa-magdalena","status":"publish","type":"edifici","link":"https:\/\/poble-espanyol.com\/it\/edificio\/hospital-de-santa-magdalena\/","title":{"rendered":"Hospital de Santa Magdalena"},"content":{"rendered":"","protected":false},"excerpt":{"rendered":"<p>L&#8217;Hospital de Santa Magdalena fu consolidato unendo una serie di ospedali per ordine di Ferran II durante il XV secolo. Lo scopo di questa fusione era quello di prendersi cura dei poveri, dei pellegrini e dei malati.<br \/>\nIn seguito, vi fu istituita una comunit\u00e0 di suore per insegnare alle donne del villaggio, poi divent\u00f2 uno studio medico e infine un&#8217;azienda tessile.<br \/>\nAttualmente \u00e8 la sede dell&#8217;Archivio Storico Conca de Barber\u00e0.<\/p>\n","protected":false},"author":7,"featured_media":108112,"comment_status":"open","ping_status":"closed","template":"","meta":{"_acf_changed":false,"footnotes":""},"categories-edifici-poble":[15513],"class_list":["post-258072","edifici","type-edifici","status-publish","has-post-thumbnail","hentry","categories-edifici-poble-mediterraneo-it"],"acf":{"nom_edifici":"Hospital de Santa Magdalena","titol_previ":"Hospital de Santa Magdalena (Montblanc, Tarragona)","text_introductori":"L'Hospital de Santa Magdalena fu consolidato unendo una serie di ospedali per ordine di Ferran II durante il XV secolo. Lo scopo di questa fusione era quello di prendersi cura dei poveri, dei pellegrini e dei malati.\r\nIn seguito, vi fu istituita una comunit\u00e0 di suore per insegnare alle donne del villaggio, poi divent\u00f2 uno studio medico e infine un'azienda tessile.\r\nAttualmente \u00e8 la sede dell'Archivio Storico Conca de Barber\u00e0.\r\n","fotos_adicionals":"","titular_segona_explicacio":"","text_posterior_segona_explicacio":"","text_previ_segona_explicacio":"","text_detall_segona_explicacio":"","seccions_edifici":null,"ubicacio":{"address":"Av. Francesc Ferrer i Gu\u00e0rdia, 13, 08038 Barcelona, Espa\u00f1a","lat":41.368919210506611,"lng":2.148546785319505,"zoom":19,"place_id":"ChIJ6S8pIHeipBIRry9X58Mz-8E","street_number":13,"street_name":"Avinguda Francesc Ferrer i Gu\u00e0rdia","street_name_short":"Av. Francesc Ferrer i Gu\u00e0rdia","city":"Barcelona","state":"Catalunya","state_short":"CT","post_code":8038,"country":"Espa\u00f1a","country_short":"ES"}},"_links":{"self":[{"href":"https:\/\/poble-espanyol.com\/it\/wp-json\/wp\/v2\/edifici\/258072","targetHints":{"allow":["GET"]}}],"collection":[{"href":"https:\/\/poble-espanyol.com\/it\/wp-json\/wp\/v2\/edifici"}],"about":[{"href":"https:\/\/poble-espanyol.com\/it\/wp-json\/wp\/v2\/types\/edifici"}],"author":[{"embeddable":true,"href":"https:\/\/poble-espanyol.com\/it\/wp-json\/wp\/v2\/users\/7"}],"replies":[{"embeddable":true,"href":"https:\/\/poble-espanyol.com\/it\/wp-json\/wp\/v2\/comments?post=258072"}],"version-history":[{"count":2,"href":"https:\/\/poble-espanyol.com\/it\/wp-json\/wp\/v2\/edifici\/258072\/revisions"}],"predecessor-version":[{"id":258499,"href":"https:\/\/poble-espanyol.com\/it\/wp-json\/wp\/v2\/edifici\/258072\/revisions\/258499"}],"wp:featuredmedia":[{"embeddable":true,"href":"https:\/\/poble-espanyol.com\/it\/wp-json\/wp\/v2\/media\/108112"}],"wp:attachment":[{"href":"https:\/\/poble-espanyol.com\/it\/wp-json\/wp\/v2\/media?parent=258072"}],"wp:term":[{"taxonomy":"categories-edifici-poble","embeddable":true,"href":"https:\/\/poble-espanyol.com\/it\/wp-json\/wp\/v2\/categories-edifici-poble?post=258072"}],"curies":[{"name":"wp","href":"https:\/\/api.w.org\/{rel}","templated":true}]}}