{"id":258100,"date":"2025-07-01T10:07:30","date_gmt":"2025-07-01T08:07:30","guid":{"rendered":"https:\/\/poble-espanyol.com\/edificio\/maluenda\/"},"modified":"2025-07-03T08:55:25","modified_gmt":"2025-07-03T06:55:25","slug":"maluenda","status":"publish","type":"edifici","link":"https:\/\/poble-espanyol.com\/it\/edificio\/maluenda\/","title":{"rendered":"Maluenda"},"content":{"rendered":"","protected":false},"excerpt":{"rendered":"<p>Maluenda \u00e8 un villaggio della provincia di Calatayud, a Saragozza, situato sulle rive del fiume Jiloca.<br \/>\nLe origini del villaggio non si conoscono con precisione, ma \u00e8 accertato che esisteva un insediamento nell&#8217;Et\u00e0 del Bronzo, di cui sono ancora visibili resti di mura e altre strutture.<br \/>\nIn termini di patrimonio architettonico, la citt\u00e0 vanta un gran numero di monumenti di rilievo: il Castello, la Chiesa Parrocchiale di Santa Mar\u00eda, la Chiesa di Santa Justa y Rufina, la Chiesa di San Miguel e diversi eremi (tra gli altri).<\/p>\n","protected":false},"author":7,"featured_media":108073,"comment_status":"open","ping_status":"closed","template":"","meta":{"_acf_changed":false,"footnotes":""},"categories-edifici-poble":[15499],"class_list":["post-258100","edifici","type-edifici","status-publish","has-post-thumbnail","hentry","categories-edifici-poble-nord-it"],"acf":{"nom_edifici":"Maluenda","titol_previ":"Maluenda (Maluenda, Saragozza)","text_introductori":"Maluenda \u00e8 un villaggio della provincia di Calatayud, a Saragozza, situato sulle rive del fiume Jiloca.\r\nLe origini del villaggio non si conoscono con precisione, ma \u00e8 accertato che esisteva un insediamento nell'Et\u00e0 del Bronzo, di cui sono ancora visibili resti di mura e altre strutture.\r\nIn termini di patrimonio architettonico, la citt\u00e0 vanta un gran numero di monumenti di rilievo: il Castello, la Chiesa Parrocchiale di Santa Mar\u00eda, la Chiesa di Santa Justa y Rufina, la Chiesa di San Miguel e diversi eremi (tra gli altri).","fotos_adicionals":"","titular_segona_explicacio":"","text_posterior_segona_explicacio":"","text_previ_segona_explicacio":"","text_detall_segona_explicacio":"","seccions_edifici":null,"ubicacio":{"address":"Av. Francesc Ferrer i Gu\u00e0rdia, 13, 08038 Barcelona, Espa\u00f1a","lat":41.368816551679878,"lng":2.1480505766517499,"zoom":19,"place_id":"ChIJH-iNAXeipBIRGfU6WaramYk","street_number":13,"street_name":"Avinguda Francesc Ferrer i Gu\u00e0rdia","street_name_short":"Av. Francesc Ferrer i Gu\u00e0rdia","city":"Barcelona","state":"Catalunya","state_short":"CT","post_code":8038,"country":"Espa\u00f1a","country_short":"ES"}},"_links":{"self":[{"href":"https:\/\/poble-espanyol.com\/it\/wp-json\/wp\/v2\/edifici\/258100","targetHints":{"allow":["GET"]}}],"collection":[{"href":"https:\/\/poble-espanyol.com\/it\/wp-json\/wp\/v2\/edifici"}],"about":[{"href":"https:\/\/poble-espanyol.com\/it\/wp-json\/wp\/v2\/types\/edifici"}],"author":[{"embeddable":true,"href":"https:\/\/poble-espanyol.com\/it\/wp-json\/wp\/v2\/users\/7"}],"replies":[{"embeddable":true,"href":"https:\/\/poble-espanyol.com\/it\/wp-json\/wp\/v2\/comments?post=258100"}],"version-history":[{"count":2,"href":"https:\/\/poble-espanyol.com\/it\/wp-json\/wp\/v2\/edifici\/258100\/revisions"}],"predecessor-version":[{"id":258509,"href":"https:\/\/poble-espanyol.com\/it\/wp-json\/wp\/v2\/edifici\/258100\/revisions\/258509"}],"wp:featuredmedia":[{"embeddable":true,"href":"https:\/\/poble-espanyol.com\/it\/wp-json\/wp\/v2\/media\/108073"}],"wp:attachment":[{"href":"https:\/\/poble-espanyol.com\/it\/wp-json\/wp\/v2\/media?parent=258100"}],"wp:term":[{"taxonomy":"categories-edifici-poble","embeddable":true,"href":"https:\/\/poble-espanyol.com\/it\/wp-json\/wp\/v2\/categories-edifici-poble?post=258100"}],"curies":[{"name":"wp","href":"https:\/\/api.w.org\/{rel}","templated":true}]}}