{"id":258121,"date":"2025-07-01T10:12:37","date_gmt":"2025-07-01T08:12:37","guid":{"rendered":"https:\/\/poble-espanyol.com\/edificio\/palacio-de-los-golfines-de-abajo\/"},"modified":"2025-07-03T09:04:02","modified_gmt":"2025-07-03T07:04:02","slug":"palacio-de-los-golfines-de-abajo","status":"publish","type":"edifici","link":"https:\/\/poble-espanyol.com\/it\/edificio\/palacio-de-los-golfines-de-abajo\/","title":{"rendered":"Palacio de los Golfines de Abajo"},"content":{"rendered":"","protected":false},"excerpt":{"rendered":"<p>Il Palacio de los Golfines de Abajo, dichiarato Patrimonio dell&#8217;Umanit\u00e0, si trova all&#8217;interno del sito monumentale della citt\u00e0 di C\u00e1ceres.<br \/>\nCi sono due palazzi, de Arriba e de Abajo. In questo caso, quello de Abajo fu fatto costruire alla fine del XV secolo dalla famiglia Golf\u00edn, una delle famiglie nobili pi\u00f9 potenti dell&#8217;Estremadura.<br \/>\nLa porta del palazzo costituisce una delle pi\u00f9 belle facciate plateresche della provincia. <\/p>\n","protected":false},"author":7,"featured_media":107854,"comment_status":"open","ping_status":"closed","template":"","meta":{"_acf_changed":false,"footnotes":""},"categories-edifici-poble":[15505],"class_list":["post-258121","edifici","type-edifici","status-publish","has-post-thumbnail","hentry","categories-edifici-poble-centro-it"],"acf":{"nom_edifici":"Palacio de los Golfines de Abajo ","titol_previ":"Palacio de los Golfines de abajo (C\u00e1ceres, Extremadura)","text_introductori":"Il Palacio de los Golfines de Abajo, dichiarato Patrimonio dell'Umanit\u00e0, si trova all'interno del sito monumentale della citt\u00e0 di C\u00e1ceres.\r\nCi sono due palazzi, de Arriba e de Abajo. In questo caso, quello de Abajo fu fatto costruire alla fine del XV secolo dalla famiglia Golf\u00edn, una delle famiglie nobili pi\u00f9 potenti dell'Estremadura.\r\nLa porta del palazzo costituisce una delle pi\u00f9 belle facciate plateresche della provincia.","fotos_adicionals":"","titular_segona_explicacio":"","text_posterior_segona_explicacio":"","text_previ_segona_explicacio":"","text_detall_segona_explicacio":"","seccions_edifici":null,"ubicacio":{"address":"Avinguda Marqu\u00e8s de Comillas, 27, 08038 Barcelona, Espa\u00f1a","lat":41.369100372746985,"lng":2.1468784513122419,"zoom":19,"place_id":"ChIJuZOgsXeipBIRC5oZjxgPiAY","street_number":27,"street_name":"Avinguda Marqu\u00e8s de Comillas","city":"Barcelona","state":"Catalunya","state_short":"CT","post_code":8038,"country":"Espa\u00f1a","country_short":"ES"}},"_links":{"self":[{"href":"https:\/\/poble-espanyol.com\/it\/wp-json\/wp\/v2\/edifici\/258121","targetHints":{"allow":["GET"]}}],"collection":[{"href":"https:\/\/poble-espanyol.com\/it\/wp-json\/wp\/v2\/edifici"}],"about":[{"href":"https:\/\/poble-espanyol.com\/it\/wp-json\/wp\/v2\/types\/edifici"}],"author":[{"embeddable":true,"href":"https:\/\/poble-espanyol.com\/it\/wp-json\/wp\/v2\/users\/7"}],"replies":[{"embeddable":true,"href":"https:\/\/poble-espanyol.com\/it\/wp-json\/wp\/v2\/comments?post=258121"}],"version-history":[{"count":2,"href":"https:\/\/poble-espanyol.com\/it\/wp-json\/wp\/v2\/edifici\/258121\/revisions"}],"predecessor-version":[{"id":258518,"href":"https:\/\/poble-espanyol.com\/it\/wp-json\/wp\/v2\/edifici\/258121\/revisions\/258518"}],"wp:featuredmedia":[{"embeddable":true,"href":"https:\/\/poble-espanyol.com\/it\/wp-json\/wp\/v2\/media\/107854"}],"wp:attachment":[{"href":"https:\/\/poble-espanyol.com\/it\/wp-json\/wp\/v2\/media?parent=258121"}],"wp:term":[{"taxonomy":"categories-edifici-poble","embeddable":true,"href":"https:\/\/poble-espanyol.com\/it\/wp-json\/wp\/v2\/categories-edifici-poble?post=258121"}],"curies":[{"name":"wp","href":"https:\/\/api.w.org\/{rel}","templated":true}]}}