{"id":258135,"date":"2025-07-01T10:16:02","date_gmt":"2025-07-01T08:16:02","guid":{"rendered":"https:\/\/poble-espanyol.com\/edificio\/palacio-del-obispo\/"},"modified":"2025-07-03T09:07:23","modified_gmt":"2025-07-03T07:07:23","slug":"palacio-del-obispo","status":"publish","type":"edifici","link":"https:\/\/poble-espanyol.com\/it\/edificio\/palacio-del-obispo\/","title":{"rendered":"Palacio del Obispo"},"content":{"rendered":"","protected":false},"excerpt":{"rendered":"<p>Il Palacio del Obispo Sol\u00eds fu costruito nel XVIII secolo per il vescovo di Badajoz, Jos\u00e9 Sol\u00eds, che lo utilizzava come ritiro estivo.<br \/>\nLa sua struttura e costruzione sono molto semplici, ha una navata centrale neoclassica con gli stemmi della famiglia Sol\u00eds y Casillas e un piccolo balcone.<br \/>\nOggi, all&#8217;interno del palazzo si tengono eventi e mostre.<\/p>\n","protected":false},"author":7,"featured_media":107818,"comment_status":"open","ping_status":"closed","template":"","meta":{"_acf_changed":false,"footnotes":""},"categories-edifici-poble":[15505],"class_list":["post-258135","edifici","type-edifici","status-publish","has-post-thumbnail","hentry","categories-edifici-poble-centro-it"],"acf":{"nom_edifici":"Palacio del Obispo","titol_previ":"Palacio del Obispo (Miajadas, C\u00e1ceres)","text_introductori":"Il Palacio del Obispo Sol\u00eds fu costruito nel XVIII secolo per il vescovo di Badajoz, Jos\u00e9 Sol\u00eds, che lo utilizzava come ritiro estivo.\r\nLa sua struttura e costruzione sono molto semplici, ha una navata centrale neoclassica con gli stemmi della famiglia Sol\u00eds y Casillas e un piccolo balcone.\r\nOggi, all'interno del palazzo si tengono eventi e mostre.","fotos_adicionals":"","titular_segona_explicacio":"","text_posterior_segona_explicacio":"","text_previ_segona_explicacio":"","text_detall_segona_explicacio":"","seccions_edifici":null,"ubicacio":{"address":"Av. Francesc Ferrer i Gu\u00e0rdia, 13, 08038 Barcelona, Espa\u00f1a","lat":41.368945378417024,"lng":2.146551221812425,"zoom":19,"place_id":"ChIJtZ4NtHeipBIRIOs-BhCX0tQ","street_number":13,"street_name":"Avinguda Francesc Ferrer i Gu\u00e0rdia","street_name_short":"Av. Francesc Ferrer i Gu\u00e0rdia","city":"Barcelona","state":"Catalunya","state_short":"CT","post_code":8038,"country":"Espa\u00f1a","country_short":"ES"}},"_links":{"self":[{"href":"https:\/\/poble-espanyol.com\/it\/wp-json\/wp\/v2\/edifici\/258135","targetHints":{"allow":["GET"]}}],"collection":[{"href":"https:\/\/poble-espanyol.com\/it\/wp-json\/wp\/v2\/edifici"}],"about":[{"href":"https:\/\/poble-espanyol.com\/it\/wp-json\/wp\/v2\/types\/edifici"}],"author":[{"embeddable":true,"href":"https:\/\/poble-espanyol.com\/it\/wp-json\/wp\/v2\/users\/7"}],"replies":[{"embeddable":true,"href":"https:\/\/poble-espanyol.com\/it\/wp-json\/wp\/v2\/comments?post=258135"}],"version-history":[{"count":2,"href":"https:\/\/poble-espanyol.com\/it\/wp-json\/wp\/v2\/edifici\/258135\/revisions"}],"predecessor-version":[{"id":258522,"href":"https:\/\/poble-espanyol.com\/it\/wp-json\/wp\/v2\/edifici\/258135\/revisions\/258522"}],"wp:featuredmedia":[{"embeddable":true,"href":"https:\/\/poble-espanyol.com\/it\/wp-json\/wp\/v2\/media\/107818"}],"wp:attachment":[{"href":"https:\/\/poble-espanyol.com\/it\/wp-json\/wp\/v2\/media?parent=258135"}],"wp:term":[{"taxonomy":"categories-edifici-poble","embeddable":true,"href":"https:\/\/poble-espanyol.com\/it\/wp-json\/wp\/v2\/categories-edifici-poble?post=258135"}],"curies":[{"name":"wp","href":"https:\/\/api.w.org\/{rel}","templated":true}]}}