{"id":275223,"date":"2022-06-07T16:16:48","date_gmt":"2022-06-07T14:16:48","guid":{"rendered":"https:\/\/poble-espanyol.com\/arquitectura-barcelona\/"},"modified":"2026-04-22T13:17:29","modified_gmt":"2026-04-22T11:17:29","slug":"architettura-barcellona","status":"publish","type":"page","link":"https:\/\/poble-espanyol.com\/it\/architettura-barcellona\/","title":{"rendered":"Barcellona Capitale Mondiale dell&#8217;Architettura 2026"},"content":{"rendered":"<div class=\"wpb-content-wrapper\"><p>[vc_row unlock_row_content=&#8221;yes&#8221; row_height_percent=&#8221;55&#8243; back_color=&#8221;color-147523&#8243; back_image=&#8221;273639&#8243; overlay_alpha=&#8221;50&#8243; gutter_size=&#8221;3&#8243; column_width_percent=&#8221;100&#8243; shift_y=&#8221;0&#8243; z_index=&#8221;0&#8243; content_parallax=&#8221;0&#8243; uncode_shortcode_id=&#8221;996483&#8243; back_color_type=&#8221;uncode-palette&#8221; css=&#8221;.vc_custom_1771587135589{padding-top: 100px !important;}&#8221;][vc_column width=&#8221;1\/1&#8243;][\/vc_column][\/vc_row][vc_row unlock_row_content=&#8221;yes&#8221; row_height_percent=&#8221;0&#8243; override_padding=&#8221;yes&#8221; h_padding=&#8221;2&#8243; top_padding=&#8221;2&#8243; bottom_padding=&#8221;2&#8243; overlay_alpha=&#8221;50&#8243; gutter_size=&#8221;2&#8243; column_width_percent=&#8221;100&#8243; shift_y=&#8221;0&#8243; z_index=&#8221;0&#8243; uncode_shortcode_id=&#8221;173677&#8243; el_class=&#8221;espaiTitulPrevi&#8221;][vc_column column_width_percent=&#8221;100&#8243; gutter_size=&#8221;3&#8243; overlay_alpha=&#8221;50&#8243; shift_x=&#8221;0&#8243; shift_y=&#8221;0&#8243; shift_y_down=&#8221;0&#8243; z_index=&#8221;0&#8243; medium_width=&#8221;0&#8243; mobile_width=&#8221;7&#8243; width=&#8221;1\/1&#8243; uncode_shortcode_id=&#8221;617312&#8243;][vc_empty_space empty_h=&#8221;2&#8243;][\/vc_column][\/vc_row][vc_row unlock_row_content=&#8221;yes&#8221; row_height_percent=&#8221;0&#8243; override_padding=&#8221;yes&#8221; h_padding=&#8221;2&#8243; top_padding=&#8221;0&#8243; bottom_padding=&#8221;3&#8243; overlay_alpha=&#8221;50&#8243; gutter_size=&#8221;3&#8243; column_width_percent=&#8221;100&#8243; shift_y=&#8221;0&#8243; z_index=&#8221;0&#8243; content_parallax=&#8221;0&#8243; uncode_shortcode_id=&#8221;126033&#8243;][vc_column column_width_percent=&#8221;100&#8243; position_horizontal=&#8221;left&#8221; gutter_size=&#8221;3&#8243; overlay_alpha=&#8221;50&#8243; shift_x=&#8221;0&#8243; shift_y=&#8221;0&#8243; shift_y_down=&#8221;0&#8243; z_index=&#8221;0&#8243; medium_width=&#8221;2&#8243; mobile_width=&#8221;7&#8243; width=&#8221;1\/4&#8243;][vc_custom_heading text_color=&#8221;color-107789&#8243; heading_semantic=&#8221;h1&#8243; text_font=&#8221;font-643449&#8243; text_size=&#8221;fontsize-495345&#8243; text_weight=&#8221;400&#8243; text_height=&#8221;fontheight-159127&#8243; uncode_shortcode_id=&#8221;456329&#8243; text_color_type=&#8221;uncode-palette&#8221;]POBLE ESPANYOL: L\u2019ARCHITETTURA DI UN INTERO PAESE, A BARCELLONA[\/vc_custom_heading][vc_column_text uncode_shortcode_id=&#8221;166435&#8243;]<em>Un viaggio attraverso il patrimonio, l&#8217;artigianato e la storia senza uscire dalla citt\u00e0. Scopri 117 edifici unici in un ambiente lontano dalla folla.<\/em>[\/vc_column_text][\/vc_column][vc_column column_width_percent=&#8221;85&#8243; gutter_size=&#8221;3&#8243; overlay_alpha=&#8221;50&#8243; shift_x=&#8221;0&#8243; shift_y=&#8221;0&#8243; shift_y_down=&#8221;0&#8243; z_index=&#8221;0&#8243; medium_width=&#8221;4&#8243; mobile_width=&#8221;7&#8243; width=&#8221;2\/4&#8243; uncode_shortcode_id=&#8221;335284&#8243;][vc_column_text uncode_shortcode_id=&#8221;528887&#8243;]Il Poble Espanyol nasce come uno dei grandi progetti dell&#8217;<strong>Esposizione Internazionale del 1929<\/strong>. Come altre costruzioni iconiche quali il MNAC, il Teatre Grec o il Padiglione Mies van der Rohe, il nostro recinto \u00e8 stato creato per mostrare al mondo l&#8217;anima di un paese in un momento in cui Barcellona si apprestava a ricevere molti visitatori di diverse nazionalit\u00e0.[\/vc_column_text][uncode_list uncode_shortcode_id=&#8221;122919&#8243;]<\/p>\n<ul>\n<li><a href=\"https:\/\/poble-espanyol.com\/it\/la-visita\/architettura\/\">117 edifici<\/a> che riproducono l&#8217;architettura di tutto il paese.<\/li>\n<li>49.000 m\u00b2 di area recintata e sicura.<\/li>\n<li>Dal romanico al barocco: un percorso esaustivo attraverso la diversit\u00e0 della Penisola.<\/li>\n<\/ul>\n<p>[\/uncode_list][\/vc_column][vc_column column_width_percent=&#8221;100&#8243; align_horizontal=&#8221;align_right&#8221; gutter_size=&#8221;0&#8243; override_padding=&#8221;yes&#8221; column_padding=&#8221;0&#8243; expand_height=&#8221;yes&#8221; overlay_alpha=&#8221;50&#8243; shift_x=&#8221;0&#8243; shift_y=&#8221;0&#8243; shift_y_down=&#8221;0&#8243; z_index=&#8221;0&#8243; medium_width=&#8221;2&#8243; mobile_width=&#8221;7&#8243; width=&#8221;1\/4&#8243; uncode_shortcode_id=&#8221;238707&#8243;][vc_single_image media=&#8221;273616&#8243; media_width_percent=&#8221;100&#8243; media_ratio=&#8221;sixteen-nine&#8221; css_animation=&#8221;right-t-left&#8221; animation_delay=&#8221;500&#8243; uncode_shortcode_id=&#8221;100053&#8243;][\/vc_column][\/vc_row][vc_row unlock_row_content=&#8221;yes&#8221; row_height_percent=&#8221;0&#8243; override_padding=&#8221;yes&#8221; h_padding=&#8221;2&#8243; top_padding=&#8221;1&#8243; bottom_padding=&#8221;0&#8243; overlay_alpha=&#8221;50&#8243; gutter_size=&#8221;2&#8243; column_width_percent=&#8221;100&#8243; shift_y=&#8221;0&#8243; z_index=&#8221;0&#8243; uncode_shortcode_id=&#8221;234308&#8243;][vc_column column_width_percent=&#8221;100&#8243; gutter_size=&#8221;3&#8243; overlay_alpha=&#8221;50&#8243; shift_x=&#8221;0&#8243; shift_y=&#8221;0&#8243; shift_y_down=&#8221;0&#8243; z_index=&#8221;0&#8243; medium_width=&#8221;0&#8243; mobile_width=&#8221;0&#8243; width=&#8221;1\/1&#8243;][vc_separator sep_color=&#8221;color-770920&#8243; uncode_shortcode_id=&#8221;110660&#8243; sep_color_type=&#8221;uncode-palette&#8221; el_width=&#8221;100%&#8221;][\/vc_column][\/vc_row][vc_row row_height_percent=&#8221;50&#8243; override_padding=&#8221;yes&#8221; h_padding=&#8221;2&#8243; top_padding=&#8221;3&#8243; bottom_padding=&#8221;3&#8243; back_color=&#8221;color-892728&#8243; overlay_alpha=&#8221;50&#8243; gutter_size=&#8221;3&#8243; column_width_percent=&#8221;100&#8243; shift_y=&#8221;0&#8243; z_index=&#8221;0&#8243; content_parallax=&#8221;0&#8243; uncode_shortcode_id=&#8221;293057&#8243; back_color_type=&#8221;uncode-palette&#8221;][vc_column column_width_use_pixel=&#8221;yes&#8221; position_vertical=&#8221;middle&#8221; align_horizontal=&#8221;align_center&#8221; gutter_size=&#8221;3&#8243; overlay_alpha=&#8221;50&#8243; shift_x=&#8221;0&#8243; shift_y=&#8221;0&#8243; shift_y_down=&#8221;0&#8243; z_index=&#8221;0&#8243; medium_width=&#8221;0&#8243; mobile_width=&#8221;0&#8243; width=&#8221;1\/1&#8243; column_width_pixel=&#8221;900&#8243;][vc_custom_heading text_color=&#8221;accent&#8221; heading_semantic=&#8221;h6&#8243; text_size=&#8221;h6&#8243; text_transform=&#8221;uppercase&#8221; uncode_shortcode_id=&#8221;131148&#8243; text_color_type=&#8221;uncode-palette&#8221;]MOLTO PI\u00d9 CHE MONUMENTI[\/vc_custom_heading][vc_custom_heading heading_semantic=&#8221;h3&#8243; text_size=&#8221;fontsize-160341&#8243; uncode_shortcode_id=&#8221;133343&#8243;]BARCELLONA CAPITALE MONDIALE<br \/>\nDELL&#8217;ARCHITETTURA 2026[\/vc_custom_heading][vc_column_text text_lead=&#8221;yes&#8221; uncode_shortcode_id=&#8221;132922&#8243;]Nell&#8217;anno in cui Barcellona \u00e8 il centro del mondo architettonico, il Poble Espanyol si posiziona come il grande custode del patrimonio. Non siamo solo facciate; <strong>siamo spazi vivi che raccontano storie.<\/strong>[\/vc_column_text][vc_empty_space empty_h=&#8221;2&#8243;][vc_button button_color=&#8221;accent&#8221; outline=&#8221;yes&#8221; border_width=&#8221;0&#8243; display=&#8221;inline&#8221; link=&#8221;url:https%3A%2F%2Ftickets.poble-espanyol.com%2Fit&#8221; button_color_type=&#8221;uncode-palette&#8221; uncode_shortcode_id=&#8221;211002&#8243;]Visita il Poble Espanyol[\/vc_button][\/vc_column][\/vc_row][vc_row unlock_row_content=&#8221;yes&#8221; row_height_percent=&#8221;0&#8243; override_padding=&#8221;yes&#8221; h_padding=&#8221;2&#8243; top_padding=&#8221;1&#8243; bottom_padding=&#8221;0&#8243; overlay_alpha=&#8221;50&#8243; gutter_size=&#8221;2&#8243; column_width_percent=&#8221;100&#8243; shift_y=&#8221;0&#8243; z_index=&#8221;0&#8243; uncode_shortcode_id=&#8221;234308&#8243;][vc_column column_width_percent=&#8221;100&#8243; gutter_size=&#8221;3&#8243; overlay_alpha=&#8221;50&#8243; shift_x=&#8221;0&#8243; shift_y=&#8221;0&#8243; shift_y_down=&#8221;0&#8243; z_index=&#8221;0&#8243; medium_width=&#8221;0&#8243; mobile_width=&#8221;0&#8243; width=&#8221;1\/1&#8243;][vc_separator sep_color=&#8221;color-770920&#8243; uncode_shortcode_id=&#8221;110660&#8243; sep_color_type=&#8221;uncode-palette&#8221; el_width=&#8221;100%&#8221;][\/vc_column][\/vc_row][vc_row unlock_row_content=&#8221;yes&#8221; row_height_percent=&#8221;0&#8243; override_padding=&#8221;yes&#8221; h_padding=&#8221;2&#8243; top_padding=&#8221;3&#8243; bottom_padding=&#8221;3&#8243; overlay_alpha=&#8221;50&#8243; gutter_size=&#8221;3&#8243; column_width_percent=&#8221;100&#8243; shift_y=&#8221;0&#8243; z_index=&#8221;0&#8243; content_parallax=&#8221;0&#8243; uncode_shortcode_id=&#8221;135256&#8243;][vc_column column_width_percent=&#8221;100&#8243; align_horizontal=&#8221;align_right&#8221; gutter_size=&#8221;0&#8243; override_padding=&#8221;yes&#8221; column_padding=&#8221;0&#8243; expand_height=&#8221;yes&#8221; overlay_alpha=&#8221;50&#8243; shift_x=&#8221;0&#8243; shift_y=&#8221;0&#8243; shift_y_down=&#8221;0&#8243; z_index=&#8221;0&#8243; medium_width=&#8221;2&#8243; mobile_width=&#8221;7&#8243; width=&#8221;1\/4&#8243; uncode_shortcode_id=&#8221;238707&#8243;][vc_single_image media=&#8221;273956&#8243; media_width_percent=&#8221;100&#8243; media_ratio=&#8221;one-one&#8221; advanced=&#8221;yes&#8221; media_overlay_opacity=&#8221;1&#8243; media_overlay_anim=&#8221;no&#8221; media_text_anim=&#8221;no&#8221; media_image_anim=&#8221;no&#8221; media_padding=&#8221;5&#8243; uncode_shortcode_id=&#8221;376191&#8243; el_class=&#8221;arc-radius&#8221;][\/vc_column][vc_column column_width_percent=&#8221;85&#8243; gutter_size=&#8221;3&#8243; overlay_alpha=&#8221;50&#8243; shift_x=&#8221;0&#8243; shift_y=&#8221;0&#8243; shift_y_down=&#8221;0&#8243; z_index=&#8221;0&#8243; medium_width=&#8221;4&#8243; mobile_width=&#8221;7&#8243; width=&#8221;2\/4&#8243; uncode_shortcode_id=&#8221;335284&#8243;][vc_custom_heading text_color=&#8221;accent&#8221; heading_semantic=&#8221;h6&#8243; text_size=&#8221;h6&#8243; text_transform=&#8221;uppercase&#8221; uncode_shortcode_id=&#8221;550746&#8243; text_color_type=&#8221;uncode-palette&#8221;]L&#8217;ORIGINE DEL PROGETTO[\/vc_custom_heading][vc_custom_heading heading_semantic=&#8221;h3&#8243; text_size=&#8221;h1&#8243; uncode_shortcode_id=&#8221;292444&#8243;]Un viaggio attraverso tutta la penisola[\/vc_custom_heading][vc_column_text uncode_shortcode_id=&#8221;567064&#8243;]Miquel Utrillo, Xavier Nogu\u00e9s, Francesc Folguera e Ramon Revent\u00f3s <strong>visitarono oltre 1.600 localit\u00e0<\/strong> per documentare l&#8217;essenza costruttiva di ogni territorio. Il risultato \u00e8 un collage perfetto dove \u00e8 possibile passare da un quartiere andaluso a un monastero romanico catalano in pochi minuti. Nonostante fosse destinato a essere effimero, ebbe un tale impatto sulla citt\u00e0 che si decise di conservarlo come patrimonio permanente di Barcellona.<\/p>\n<p>La mostra <em><strong>&#8220;Un viaggio fotografico&#8221;<\/strong> <\/em>offre un accesso esclusivo a fotografie, lettere e schizzi originali del 1927 che hanno dato vita al complesso.[\/vc_column_text][vc_button border_width=&#8221;0&#8243; link=&#8221;url:https%3A%2F%2Fpoble-espanyol.com%2Fit%2Fexposicion%2Fun-viaggio-fotografico%2F&#8221; uncode_shortcode_id=&#8221;162120&#8243;]Scopri la mostra[\/vc_button][\/vc_column][vc_column column_width_percent=&#8221;100&#8243; position_horizontal=&#8221;left&#8221; gutter_size=&#8221;2&#8243; overlay_alpha=&#8221;50&#8243; shift_x=&#8221;0&#8243; shift_y=&#8221;0&#8243; shift_y_down=&#8221;0&#8243; z_index=&#8221;0&#8243; medium_width=&#8221;2&#8243; mobile_width=&#8221;7&#8243; width=&#8221;1\/4&#8243; uncode_shortcode_id=&#8221;145938&#8243;][vc_custom_heading text_color=&#8221;accent&#8221; heading_semantic=&#8221;h6&#8243; text_size=&#8221;h6&#8243; text_transform=&#8221;uppercase&#8221; uncode_shortcode_id=&#8221;311904&#8243; text_color_type=&#8221;uncode-palette&#8221;]SAPEVI CHE&#8230;[\/vc_custom_heading][vc_empty_space empty_h=&#8221;2&#8243;][vc_column_text uncode_shortcode_id=&#8221;108843&#8243;]<\/p>\n<ul>\n<li><strong>Tegole con storia:<\/strong> sono state utilizzate 800.000 tegole antiche provenienti da ogni dove per conferire un aspetto autentico e vissuto agli edifici.<\/li>\n<li><strong>Tecniche di realismo:<\/strong> sono stati utilizzati calchi di pietre reali per copiare esattamente le trame e i colori originali di ogni regione.<\/li>\n<li><strong>Record di tempo:<\/strong> oltre 1.000 lavoratori da tutto il paese lo hanno costruito in meno di un anno, rendendolo il primo spazio dell&#8217;Esposizione pronto per ricevere visite.<\/li>\n<\/ul>\n<p>[\/vc_column_text][\/vc_column][\/vc_row][vc_row unlock_row_content=&#8221;yes&#8221; row_height_percent=&#8221;0&#8243; override_padding=&#8221;yes&#8221; h_padding=&#8221;2&#8243; top_padding=&#8221;1&#8243; bottom_padding=&#8221;0&#8243; overlay_alpha=&#8221;50&#8243; gutter_size=&#8221;2&#8243; column_width_percent=&#8221;100&#8243; shift_y=&#8221;0&#8243; z_index=&#8221;0&#8243; uncode_shortcode_id=&#8221;234308&#8243;][vc_column column_width_percent=&#8221;100&#8243; gutter_size=&#8221;3&#8243; overlay_alpha=&#8221;50&#8243; shift_x=&#8221;0&#8243; shift_y=&#8221;0&#8243; shift_y_down=&#8221;0&#8243; z_index=&#8221;0&#8243; medium_width=&#8221;0&#8243; mobile_width=&#8221;0&#8243; width=&#8221;1\/1&#8243;][vc_separator sep_color=&#8221;color-770920&#8243; uncode_shortcode_id=&#8221;110660&#8243; sep_color_type=&#8221;uncode-palette&#8221; el_width=&#8221;100%&#8221;][\/vc_column][\/vc_row][vc_row row_height_percent=&#8221;0&#8243; override_padding=&#8221;yes&#8221; h_padding=&#8221;2&#8243; top_padding=&#8221;3&#8243; bottom_padding=&#8221;2&#8243; overlay_alpha=&#8221;50&#8243; gutter_size=&#8221;3&#8243; column_width_percent=&#8221;100&#8243; shift_y=&#8221;0&#8243; z_index=&#8221;0&#8243; medium_visibility=&#8221;yes&#8221; mobile_visibility=&#8221;yes&#8221; content_parallax=&#8221;0&#8243; uncode_shortcode_id=&#8221;456718&#8243;][vc_column width=&#8221;1\/1&#8243;][uncode_slider][vc_row_inner row_inner_height_percent=&#8221;0&#8243; overlay_alpha=&#8221;50&#8243; gutter_size=&#8221;3&#8243; shift_y=&#8221;0&#8243; z_index=&#8221;0&#8243; uncode_shortcode_id=&#8221;965595&#8243;][vc_column_inner width=&#8221;1\/2&#8243;][vc_custom_heading text_color=&#8221;accent&#8221; heading_semantic=&#8221;h6&#8243; text_size=&#8221;h6&#8243; text_transform=&#8221;uppercase&#8221; uncode_shortcode_id=&#8221;830338&#8243; text_color_type=&#8221;uncode-palette&#8221;]ATTIVIT\u00c0 PROGRAMMATA: DIBATTITI E CONFERENZE[\/vc_custom_heading][vc_custom_heading uncode_shortcode_id=&#8221;184063&#8243;]Un viaggio nel tempo: il Poble Espanyol di Montju\u00efc[\/vc_custom_heading][vc_single_image media=&#8221;273827&#8243; media_width_percent=&#8221;100&#8243; shape=&#8221;img-round&#8221; radius=&#8221;std&#8221; uncode_shortcode_id=&#8221;149724&#8243;][\/vc_column_inner][vc_column_inner width=&#8221;1\/2&#8243;][vc_empty_space empty_h=&#8221;4&#8243;][vc_column_text uncode_shortcode_id=&#8221;161124&#8243;]In occasione della mostra<em> &#8220;Un viaggio nel tempo: il Poble Espanyol di Montju\u00efc&#8221;<\/em>, l&#8217;attivit\u00e0 propone di riscoprire il complesso da una prospettiva scientifico-tecnica, storica e patrimoniale.<\/p>\n<p><strong>Due tavole rotonde<\/strong> <strong>con specialisti<\/strong> ne analizzeranno la genesi, il processo costruttivo e la sopravvivenza, fornendo nuove chiavi di lettura su uno dei complessi architettonici pi\u00f9 riconoscibili di Barcellona.[\/vc_column_text][vc_custom_heading text_color=&#8221;accent&#8221; heading_semantic=&#8221;h6&#8243; text_size=&#8221;h6&#8243; text_transform=&#8221;uppercase&#8221; uncode_shortcode_id=&#8221;146941&#8243; text_color_type=&#8221;uncode-palette&#8221;]DATE: PROSSIMAMENTE[\/vc_custom_heading][vc_button button_color=&#8221;color-107789&#8243; border_width=&#8221;0&#8243; link=&#8221;url:https%3A%2F%2Fpoble-espanyol.com%2Fca%2F%3Funcodeblock%3Dnewsletter|title:Newsletter|target:_blank&#8221; button_color_type=&#8221;uncode-palette&#8221; uncode_shortcode_id=&#8221;192487&#8243;]Informami sulle date[\/vc_button][\/vc_column_inner][\/vc_row_inner][vc_row_inner row_inner_height_percent=&#8221;0&#8243; overlay_alpha=&#8221;50&#8243; gutter_size=&#8221;3&#8243; shift_y=&#8221;0&#8243; z_index=&#8221;0&#8243; uncode_shortcode_id=&#8221;965595&#8243;][vc_column_inner width=&#8221;1\/2&#8243;][vc_custom_heading text_color=&#8221;accent&#8221; heading_semantic=&#8221;h6&#8243; text_size=&#8221;h6&#8243; text_transform=&#8221;uppercase&#8221; uncode_shortcode_id=&#8221;151792&#8243; text_color_type=&#8221;uncode-palette&#8221;]ATTIVIT\u00c0 PROGRAMMATA: PATRIMONIO[\/vc_custom_heading][vc_custom_heading uncode_shortcode_id=&#8221;958071&#8243;]Visite guidate con aperitivo al Poble Espanyol[\/vc_custom_heading][vc_single_image media=&#8221;275179&#8243; media_width_percent=&#8221;100&#8243; shape=&#8221;img-round&#8221; radius=&#8221;std&#8221; uncode_shortcode_id=&#8221;182165&#8243;][\/vc_column_inner][vc_column_inner width=&#8221;1\/2&#8243;][vc_empty_space empty_h=&#8221;4&#8243;][vc_column_text uncode_shortcode_id=&#8221;198035&#8243;]Ti invitiamo a un percorso esclusivo per analizzare l&#8217;evoluzione del romanico, del mud\u00e9jar e del gotico attraverso <strong>117 costruzioni monumentali.<\/strong><\/p>\n<p><strong>Una guida esperta<\/strong> ti sveler\u00e0 i dettagli costruttivi e gli adattamenti di elementi chiave come la Plaza Mayor, la Torre de Utebo o il Monastero di Sant Miquel, concludendo l&#8217;esperienza con un <strong>aperitivo mediterraneo<\/strong> presso il ristorante La Font de Prades.<\/p>\n<p><em>Lingue: catalano, spagnolo, inglese e francese<\/em>[\/vc_column_text][vc_custom_heading text_color=&#8221;accent&#8221; heading_semantic=&#8221;h6&#8243; text_size=&#8221;h6&#8243; text_transform=&#8221;uppercase&#8221; uncode_shortcode_id=&#8221;113552&#8243; text_color_type=&#8221;uncode-palette&#8221;]DATE: SABATO, DOMENICA E FESTIVI ALLE 10:30 E ALLE 12:00.[\/vc_custom_heading][vc_button button_color=&#8221;color-107789&#8243; border_width=&#8221;0&#8243; link=&#8221;url:https%3A%2F%2Ftickets.poble-espanyol.com%2Fit%2F109-web-individual%2F12960-visita-guidata-al-poble-espanyol-con-aperitivo|title:Newsletter|target:_blank&#8221; button_color_type=&#8221;uncode-palette&#8221; uncode_shortcode_id=&#8221;234765&#8243;]Prenota la tua visita[\/vc_button][\/vc_column_inner][\/vc_row_inner][vc_row_inner row_inner_height_percent=&#8221;0&#8243; overlay_alpha=&#8221;50&#8243; gutter_size=&#8221;3&#8243; shift_y=&#8221;0&#8243; z_index=&#8221;0&#8243; uncode_shortcode_id=&#8221;965595&#8243;][vc_column_inner width=&#8221;1\/2&#8243;][vc_custom_heading text_color=&#8221;accent&#8221; heading_semantic=&#8221;h6&#8243; text_size=&#8221;h6&#8243; text_transform=&#8221;uppercase&#8221; uncode_shortcode_id=&#8221;161308&#8243; text_color_type=&#8221;uncode-palette&#8221;]ATTIVIT\u00c0 PROGRAMMATA: LABORATORI[\/vc_custom_heading][vc_custom_heading uncode_shortcode_id=&#8221;765602&#8243;]Incontro Urban Sketchers Catalunya: disegna il Poble Espanyol[\/vc_custom_heading][vc_single_image media=&#8221;273841&#8243; media_width_percent=&#8221;100&#8243; shape=&#8221;img-round&#8221; radius=&#8221;std&#8221; uncode_shortcode_id=&#8221;103265&#8243;][\/vc_column_inner][vc_column_inner width=&#8221;1\/2&#8243;][vc_empty_space empty_h=&#8221;4&#8243;][vc_column_text uncode_shortcode_id=&#8221;133556&#8243;]Unisciti all&#8217;attivit\u00e0 organizzata dagli <strong>Urban Sketchers<\/strong> sulla montagna del Montju\u00efc. Cattura l&#8217;essenza delle nostre piazze e strade storiche sul tuo taccuino in una giornata in un ambiente privilegiato dove luce e architettura convivono in equilibrio.<\/p>\n<p>L&#8217;ingresso al complesso per partecipare all&#8217;incontro \u00e8 gratuito e <strong>richiede l&#8217;iscrizione obbligatoria<\/strong> tramite il modulo ufficiale dell&#8217;organizzazione.[\/vc_column_text][vc_custom_heading text_color=&#8221;accent&#8221; heading_semantic=&#8221;h6&#8243; text_size=&#8221;h6&#8243; text_transform=&#8221;uppercase&#8221; uncode_shortcode_id=&#8221;139003&#8243; text_color_type=&#8221;uncode-palette&#8221;]DATA: 12 APRILE 2026[\/vc_custom_heading][vc_custom_heading text_color=&#8221;accent&#8221; heading_semantic=&#8221;h6&#8243; text_size=&#8221;h6&#8243; text_transform=&#8221;uppercase&#8221; uncode_shortcode_id=&#8221;209139&#8243; text_color_type=&#8221;uncode-palette&#8221;]ATTIVIT\u00c0 COMPLETATA[\/vc_custom_heading][\/vc_column_inner][\/vc_row_inner][\/uncode_slider][\/vc_column][\/vc_row][vc_row row_height_percent=&#8221;0&#8243; overlay_alpha=&#8221;50&#8243; gutter_size=&#8221;3&#8243; column_width_percent=&#8221;100&#8243; shift_y=&#8221;0&#8243; z_index=&#8221;0&#8243; desktop_visibility=&#8221;yes&#8221; content_parallax=&#8221;0&#8243; uncode_shortcode_id=&#8221;342288&#8243;][vc_column width=&#8221;1\/1&#8243;][uncode_slider el_id=&#8221;1011660&#8243;][vc_row_inner row_inner_height_percent=&#8221;0&#8243; overlay_alpha=&#8221;50&#8243; gutter_size=&#8221;3&#8243; shift_y=&#8221;0&#8243; z_index=&#8221;0&#8243; uncode_shortcode_id=&#8221;965595&#8243;][vc_column_inner width=&#8221;1\/2&#8243;][vc_custom_heading text_color=&#8221;accent&#8221; heading_semantic=&#8221;h6&#8243; text_size=&#8221;h6&#8243; text_transform=&#8221;uppercase&#8221; uncode_shortcode_id=&#8221;702737&#8243; text_color_type=&#8221;uncode-palette&#8221;]ATTIVIT\u00c0 PROGRAMMATA: DIBATTITI E CONFERENZE[\/vc_custom_heading][vc_custom_heading uncode_shortcode_id=&#8221;129908&#8243;]Un viaggio nel tempo: il Poble Espanyol di Montju\u00efc[\/vc_custom_heading][vc_single_image media=&#8221;273827&#8243; media_width_percent=&#8221;100&#8243; shape=&#8221;img-round&#8221; radius=&#8221;std&#8221; uncode_shortcode_id=&#8221;149724&#8243;][\/vc_column_inner][vc_column_inner width=&#8221;1\/2&#8243;][vc_column_text uncode_shortcode_id=&#8221;109746&#8243;]In occasione della mostra<em> &#8220;Un viaggio nel tempo: il Poble Espanyol di Montju\u00efc&#8221;<\/em>, l&#8217;attivit\u00e0 propone di riscoprire il complesso da una prospettiva scientifico-tecnica, storica e patrimoniale.<\/p>\n<p><strong>Due tavole rotonde<\/strong> <strong>con specialisti<\/strong> ne analizzeranno la genesi, il processo costruttivo e la sopravvivenza, fornendo nuove chiavi di lettura su uno dei complessi architettonici pi\u00f9 riconoscibili di Barcellona.[\/vc_column_text][vc_custom_heading text_color=&#8221;accent&#8221; heading_semantic=&#8221;h6&#8243; text_size=&#8221;h6&#8243; text_transform=&#8221;uppercase&#8221; uncode_shortcode_id=&#8221;176490&#8243; text_color_type=&#8221;uncode-palette&#8221;]DATE: PROSSIMAMENTE[\/vc_custom_heading][vc_button button_color=&#8221;color-107789&#8243; border_width=&#8221;0&#8243; link=&#8221;url:https%3A%2F%2Fpoble-espanyol.com%2Fca%2F%3Funcodeblock%3Dnewsletter|title:Newsletter|target:_blank&#8221; button_color_type=&#8221;uncode-palette&#8221; uncode_shortcode_id=&#8221;162844&#8243;]Informami sulle date[\/vc_button][\/vc_column_inner][\/vc_row_inner][vc_row_inner row_inner_height_percent=&#8221;0&#8243; overlay_alpha=&#8221;50&#8243; gutter_size=&#8221;3&#8243; shift_y=&#8221;0&#8243; z_index=&#8221;0&#8243; uncode_shortcode_id=&#8221;965595&#8243;][vc_column_inner width=&#8221;1\/2&#8243;][vc_custom_heading text_color=&#8221;accent&#8221; heading_semantic=&#8221;h6&#8243; text_size=&#8221;h6&#8243; text_transform=&#8221;uppercase&#8221; uncode_shortcode_id=&#8221;141931&#8243; text_color_type=&#8221;uncode-palette&#8221;]ATTIVIT\u00c0 PROGRAMMATA: PATRIMONIO[\/vc_custom_heading][vc_custom_heading uncode_shortcode_id=&#8221;933800&#8243;]Visite guidate con aperitivo al Poble Espanyol[\/vc_custom_heading][vc_single_image media=&#8221;275179&#8243; media_width_percent=&#8221;100&#8243; shape=&#8221;img-round&#8221; radius=&#8221;std&#8221; uncode_shortcode_id=&#8221;134148&#8243;][\/vc_column_inner][vc_column_inner width=&#8221;1\/2&#8243;][vc_column_text uncode_shortcode_id=&#8221;146002&#8243;]Ti invitiamo a un percorso esclusivo per analizzare l&#8217;evoluzione del romanico, del mud\u00e9jar e del gotico attraverso <strong>117 costruzioni monumentali.<\/strong><\/p>\n<p><strong>Una guida esperta<\/strong> ti sveler\u00e0 i dettagli costruttivi e gli adattamenti di elementi chiave come la Plaza Mayor, la Torre de Utebo o il Monastero di Sant Miquel, concludendo l&#8217;esperienza con un <strong>aperitivo mediterraneo<\/strong> presso il ristorante La Font de Prades.<\/p>\n<p><em>Lingue: catalano, spagnolo, inglese e francese<\/em>[\/vc_column_text][vc_custom_heading text_color=&#8221;accent&#8221; heading_semantic=&#8221;h6&#8243; text_size=&#8221;h6&#8243; text_transform=&#8221;uppercase&#8221; uncode_shortcode_id=&#8221;105344&#8243; text_color_type=&#8221;uncode-palette&#8221;]DATE: SABATO, DOMENICA E FESTIVI ALLE 10:30 E ALLE 12:00.[\/vc_custom_heading][vc_button button_color=&#8221;color-107789&#8243; border_width=&#8221;0&#8243; link=&#8221;url:https%3A%2F%2Ftickets.poble-espanyol.com%2Fit%2F109-web-individual%2F12960-visita-guidata-al-poble-espanyol-con-aperitivo|target:_blank&#8221; button_color_type=&#8221;uncode-palette&#8221; uncode_shortcode_id=&#8221;524565&#8243;]Prenota la tua visita[\/vc_button][\/vc_column_inner][\/vc_row_inner][vc_row_inner row_inner_height_percent=&#8221;0&#8243; overlay_alpha=&#8221;50&#8243; gutter_size=&#8221;3&#8243; shift_y=&#8221;0&#8243; z_index=&#8221;0&#8243; uncode_shortcode_id=&#8221;965595&#8243;][vc_column_inner width=&#8221;1\/2&#8243;][vc_custom_heading text_color=&#8221;accent&#8221; heading_semantic=&#8221;h6&#8243; text_size=&#8221;h6&#8243; text_transform=&#8221;uppercase&#8221; uncode_shortcode_id=&#8221;973467&#8243; text_color_type=&#8221;uncode-palette&#8221;]ATTIVIT\u00c0 PROGRAMMATA: LABORATORI[\/vc_custom_heading][vc_custom_heading uncode_shortcode_id=&#8221;584683&#8243;]Incontro Urban Sketchers Catalunya: disegna il Poble Espanyol[\/vc_custom_heading][vc_single_image media=&#8221;273841&#8243; media_width_percent=&#8221;100&#8243; shape=&#8221;img-round&#8221; radius=&#8221;std&#8221; uncode_shortcode_id=&#8221;103265&#8243;][\/vc_column_inner][vc_column_inner width=&#8221;1\/2&#8243;][vc_column_text uncode_shortcode_id=&#8221;554216&#8243;]Unisciti all&#8217;attivit\u00e0 organizzata dagli <strong>Urban Sketchers<\/strong> sulla montagna del Montju\u00efc. Cattura l&#8217;essenza delle nostre piazze e strade storiche sul tuo taccuino in una giornata in un ambiente privilegiato dove luce e architettura convivono in equilibrio.<\/p>\n<p>L&#8217;ingresso al complesso per partecipare all&#8217;incontro \u00e8 gratuito e <strong>richiede l&#8217;iscrizione obbligatoria<\/strong> tramite il modulo ufficiale dell&#8217;organizzazione.[\/vc_column_text][vc_custom_heading text_color=&#8221;accent&#8221; heading_semantic=&#8221;h6&#8243; text_size=&#8221;h6&#8243; text_transform=&#8221;uppercase&#8221; uncode_shortcode_id=&#8221;662263&#8243; text_color_type=&#8221;uncode-palette&#8221;]DATA: 12 APRILE 2026[\/vc_custom_heading][vc_custom_heading text_color=&#8221;accent&#8221; heading_semantic=&#8221;h6&#8243; text_size=&#8221;h6&#8243; text_transform=&#8221;uppercase&#8221; uncode_shortcode_id=&#8221;569371&#8243; text_color_type=&#8221;uncode-palette&#8221;]ATTIVIT\u00c0 COMPLETATA[\/vc_custom_heading][\/vc_column_inner][\/vc_row_inner][\/uncode_slider][\/vc_column][\/vc_row][vc_row unlock_row_content=&#8221;yes&#8221; row_height_percent=&#8221;0&#8243; override_padding=&#8221;yes&#8221; h_padding=&#8221;2&#8243; top_padding=&#8221;2&#8243; bottom_padding=&#8221;0&#8243; overlay_alpha=&#8221;50&#8243; gutter_size=&#8221;2&#8243; column_width_percent=&#8221;100&#8243; shift_y=&#8221;0&#8243; z_index=&#8221;0&#8243; content_parallax=&#8221;0&#8243; uncode_shortcode_id=&#8221;147105&#8243;][vc_column column_width_percent=&#8221;100&#8243; gutter_size=&#8221;3&#8243; overlay_alpha=&#8221;50&#8243; shift_x=&#8221;0&#8243; shift_y=&#8221;0&#8243; shift_y_down=&#8221;0&#8243; z_index=&#8221;0&#8243; medium_width=&#8221;0&#8243; mobile_width=&#8221;0&#8243; width=&#8221;1\/1&#8243;][vc_separator sep_color=&#8221;color-770920&#8243; uncode_shortcode_id=&#8221;110660&#8243; sep_color_type=&#8221;uncode-palette&#8221; el_width=&#8221;100%&#8221;][\/vc_column][\/vc_row][vc_row row_height_percent=&#8221;0&#8243; override_padding=&#8221;yes&#8221; h_padding=&#8221;0&#8243; top_padding=&#8221;2&#8243; bottom_padding=&#8221;2&#8243; back_color=&#8221;color-892728&#8243; overlay_alpha=&#8221;50&#8243; gutter_size=&#8221;3&#8243; column_width_percent=&#8221;100&#8243; shift_y=&#8221;0&#8243; z_index=&#8221;2&#8243; content_parallax=&#8221;0&#8243; uncode_shortcode_id=&#8221;373454&#8243; back_color_type=&#8221;uncode-palette&#8221;][vc_column column_width_use_pixel=&#8221;yes&#8221; position_vertical=&#8221;middle&#8221; align_horizontal=&#8221;align_center&#8221; gutter_size=&#8221;3&#8243; overlay_alpha=&#8221;50&#8243; shift_x=&#8221;0&#8243; shift_y=&#8221;0&#8243; shift_y_down=&#8221;-5&#8243; shift_y_down_fixed=&#8221;yes&#8221; z_index=&#8221;0&#8243; medium_width=&#8221;0&#8243; align_mobile=&#8221;align_center_mobile&#8221; mobile_width=&#8221;0&#8243; width=&#8221;1\/1&#8243; column_width_pixel=&#8221;900&#8243;][vc_row_inner][vc_column_inner column_width_use_pixel=&#8221;yes&#8221; align_horizontal=&#8221;align_center&#8221; gutter_size=&#8221;3&#8243; overlay_alpha=&#8221;50&#8243; shift_x=&#8221;0&#8243; shift_y=&#8221;0&#8243; shift_y_down=&#8221;0&#8243; z_index=&#8221;0&#8243; medium_width=&#8221;0&#8243; mobile_width=&#8221;0&#8243; width=&#8221;1\/1&#8243; column_width_pixel=&#8221;600&#8243;][vc_custom_heading text_color=&#8221;color-107789&#8243; heading_semantic=&#8221;h3&#8243; text_size=&#8221;h1&#8243; sub_lead=&#8221;yes&#8221; sub_reduced=&#8221;yes&#8221; uncode_shortcode_id=&#8221;192518&#8243; text_color_type=&#8221;uncode-palette&#8221;]Scopri il complesso[\/vc_custom_heading][\/vc_column_inner][\/vc_row_inner][vc_row_inner][vc_column_inner column_width_use_pixel=&#8221;yes&#8221; gutter_size=&#8221;3&#8243; override_padding=&#8221;yes&#8221; column_padding=&#8221;0&#8243; overlay_alpha=&#8221;50&#8243; shift_x=&#8221;0&#8243; shift_y=&#8221;0&#8243; shift_y_down=&#8221;0&#8243; z_index=&#8221;0&#8243; medium_width=&#8221;0&#8243; mobile_width=&#8221;0&#8243; width=&#8221;1\/1&#8243; column_width_pixel=&#8221;900&#8243;][vc_single_image media=&#8221;274039&#8243; media_lightbox=&#8221;yes&#8221; media_width_percent=&#8221;100&#8243; media_ratio=&#8221;sixteen-nine&#8221; shadow=&#8221;yes&#8221; advanced=&#8221;yes&#8221; media_items=&#8221;media|poster,icon|xl&#8221; media_overlay_opacity=&#8221;15&#8243; media_overlay_visible=&#8221;yes&#8221; media_text_visible=&#8221;yes&#8221; media_image_anim=&#8221;no&#8221; media_h_align=&#8221;center&#8221; media_padding=&#8221;2&#8243; media_icon=&#8221;fa fa-play&#8221; uncode_shortcode_id=&#8221;596688&#8243;][vc_empty_space empty_h=&#8221;5&#8243;][\/vc_column_inner][\/vc_row_inner][\/vc_column][\/vc_row][vc_row unlock_row_content=&#8221;yes&#8221; row_height_percent=&#8221;0&#8243; overlay_alpha=&#8221;50&#8243; gutter_size=&#8221;3&#8243; column_width_percent=&#8221;100&#8243; shift_y=&#8221;0&#8243; z_index=&#8221;0&#8243; content_parallax=&#8221;0&#8243; uncode_shortcode_id=&#8221;127001&#8243; css=&#8221;.vc_custom_1761842061008{padding-top: 50px !important;}&#8221;][vc_column width=&#8221;1\/1&#8243;][vc_custom_heading text_color=&#8221;color-107789&#8243; text_font=&#8221;font-875416&#8243; text_size=&#8221;fontsize-495345&#8243; text_weight=&#8221;800&#8243; text_height=&#8221;fontheight-206872&#8243; el_class=&#8221;sizeMobile&#8221; uncode_shortcode_id=&#8221;489992&#8243; text_color_type=&#8221;uncode-palette&#8221;]GALLERIA[\/vc_custom_heading][\/vc_column][\/vc_row][vc_row unlock_row_content=&#8221;yes&#8221; row_height_percent=&#8221;0&#8243; overlay_alpha=&#8221;50&#8243; gutter_size=&#8221;3&#8243; column_width_percent=&#8221;100&#8243; shift_y=&#8221;0&#8243; z_index=&#8221;0&#8243; content_parallax=&#8221;0&#8243; uncode_shortcode_id=&#8221;202240&#8243; css=&#8221;.vc_custom_1761839991919{margin-bottom: 250px !important;}&#8221;][vc_column width=&#8221;1\/1&#8243;][vc_gallery el_id=&#8221;gallery-117311&#8243; type=&#8221;css_grid&#8221; random=&#8221;yes&#8221; medias=&#8221;272989,273908,273914,273920,273926,273932,273938,273944,273950,273956,273962,273974&#8243; screen_lg_items=&#8221;3&#8243; screen_lg_breakpoint=&#8221;1000&#8243; screen_md_items=&#8221;2&#8243; screen_md_breakpoint=&#8221;600&#8243; screen_sm_items=&#8221;1&#8243; screen_sm_breakpoint=&#8221;480&#8243; gutter_size=&#8221;3&#8243; single_overlay_opacity=&#8221;50&#8243; single_padding=&#8221;2&#8243; uncode_shortcode_id=&#8221;510453&#8243;][\/vc_column][\/vc_row]<\/p>\n<\/div>","protected":false},"excerpt":{"rendered":"<p>[vc_row unlock_row_content=&#8221;yes&#8221; row_height_percent=&#8221;55&#8243; back_color=&#8221;color-147523&#8243; back_image=&#8221;273639&#8243; overlay_alpha=&#8221;50&#8243; gutter_size=&#8221;3&#8243; column_width_percent=&#8221;100&#8243; shift_y=&#8221;0&#8243; z_index=&#8221;0&#8243; content_parallax=&#8221;0&#8243; uncode_shortcode_id=&#8221;996483&#8243; back_color_type=&#8221;uncode-palette&#8221; css=&#8221;.vc_custom_1771587135589{padding-top: 100px !important;}&#8221;][vc_column width=&#8221;1\/1&#8243;][\/vc_column][\/vc_row][vc_row unlock_row_content=&#8221;yes&#8221; row_height_percent=&#8221;0&#8243; override_padding=&#8221;yes&#8221; [&hellip;]<\/p>\n","protected":false},"author":10,"featured_media":273634,"parent":0,"menu_order":24,"comment_status":"closed","ping_status":"closed","template":"","meta":{"_acf_changed":false,"footnotes":""},"class_list":["post-275223","page","type-page","status-publish","has-post-thumbnail","hentry"],"acf":[],"_links":{"self":[{"href":"https:\/\/poble-espanyol.com\/it\/wp-json\/wp\/v2\/pages\/275223","targetHints":{"allow":["GET"]}}],"collection":[{"href":"https:\/\/poble-espanyol.com\/it\/wp-json\/wp\/v2\/pages"}],"about":[{"href":"https:\/\/poble-espanyol.com\/it\/wp-json\/wp\/v2\/types\/page"}],"author":[{"embeddable":true,"href":"https:\/\/poble-espanyol.com\/it\/wp-json\/wp\/v2\/users\/10"}],"replies":[{"embeddable":true,"href":"https:\/\/poble-espanyol.com\/it\/wp-json\/wp\/v2\/comments?post=275223"}],"version-history":[{"count":6,"href":"https:\/\/poble-espanyol.com\/it\/wp-json\/wp\/v2\/pages\/275223\/revisions"}],"predecessor-version":[{"id":275231,"href":"https:\/\/poble-espanyol.com\/it\/wp-json\/wp\/v2\/pages\/275223\/revisions\/275231"}],"wp:featuredmedia":[{"embeddable":true,"href":"https:\/\/poble-espanyol.com\/it\/wp-json\/wp\/v2\/media\/273634"}],"wp:attachment":[{"href":"https:\/\/poble-espanyol.com\/it\/wp-json\/wp\/v2\/media?parent=275223"}],"curies":[{"name":"wp","href":"https:\/\/api.w.org\/{rel}","templated":true}]}}